{"id":22690,"date":"2022-03-18T08:51:21","date_gmt":"2022-03-18T07:51:21","guid":{"rendered":"https:\/\/www.lacurebeaute.fr\/wir-zeigen-engagement\/"},"modified":"2022-03-18T11:30:07","modified_gmt":"2022-03-18T10:30:07","slug":"wir-zeigen-engagement","status":"publish","type":"page","link":"https:\/\/www.lacurebeaute.fr\/de\/wir-zeigen-engagement\/","title":{"rendered":"Wir zeigen Engagement:"},"content":{"rendered":"[vc_row et_full_width=&#8221;true&#8221; content_placement=&#8221;middle&#8221;][vc_column animation=&#8221;animation bottom-to-top&#8221; offset=&#8221;vc_col-lg-offset-1 vc_col-lg-4 vc_hidden-sm vc_hidden-xs&#8221; css=&#8221;.vc_custom_1647429231339{padding-top: 160px !important;}&#8221;][vc_empty_space height=&#8221;160px&#8221;][\/vc_column][\/vc_row][vc_row et_full_width=&#8221;true&#8221; content_placement=&#8221;middle&#8221; css=&#8221;.vc_custom_1647429689917{padding-bottom: 80px !important;}&#8221;][vc_column animation=&#8221;animation bottom-to-top&#8221; offset=&#8221;vc_col-lg-offset-1 vc_col-lg-4&#8243; css=&#8221;.vc_custom_1647429570949{padding-top: 10px !important;}&#8221;][vc_column_text]\n<h2 style=\"text-align: center;\">La Cure Beaut\u00e9 engagiert sich<\/h2>\n<h5 style=\"text-align: center;\">f\u00fcr lokale Akteure, die sich dem Schutz des Mittelmeeres verschrieben haben. <\/h5>\n[\/vc_column_text]\t<div id=\"et-image-539\" class=\"et-image     et_image_link\">\n\t\t<div class=\"et-image-inner \">\n\t\t\t\t\t\t\t<div class=\"et-image-thumb \">\n\t\t\t\t\t<img decoding=\"async\" width=\"2303\" height=\"2560\" src=\"https:\/\/www.lacurebeaute.fr\/wp-content\/uploads\/2022\/03\/IMG_20220222_094558-scaled.jpg\" class=\"attachment-full size-full\" alt=\"\" srcset=\"https:\/\/www.lacurebeaute.fr\/wp-content\/uploads\/2022\/03\/IMG_20220222_094558-scaled.jpg 2303w, https:\/\/www.lacurebeaute.fr\/wp-content\/uploads\/2022\/03\/IMG_20220222_094558-270x300.jpg 270w, https:\/\/www.lacurebeaute.fr\/wp-content\/uploads\/2022\/03\/IMG_20220222_094558-921x1024.jpg 921w, https:\/\/www.lacurebeaute.fr\/wp-content\/uploads\/2022\/03\/IMG_20220222_094558-768x854.jpg 768w, https:\/\/www.lacurebeaute.fr\/wp-content\/uploads\/2022\/03\/IMG_20220222_094558-86x96.jpg 86w, https:\/\/www.lacurebeaute.fr\/wp-content\/uploads\/2022\/03\/IMG_20220222_094558-38x42.jpg 38w, https:\/\/www.lacurebeaute.fr\/wp-content\/uploads\/2022\/03\/IMG_20220222_094558-1382x1536.jpg 1382w, https:\/\/www.lacurebeaute.fr\/wp-content\/uploads\/2022\/03\/IMG_20220222_094558-1842x2048.jpg 1842w, https:\/\/www.lacurebeaute.fr\/wp-content\/uploads\/2022\/03\/IMG_20220222_094558-135x150.jpg 135w, https:\/\/www.lacurebeaute.fr\/wp-content\/uploads\/2022\/03\/IMG_20220222_094558-600x667.jpg 600w, https:\/\/www.lacurebeaute.fr\/wp-content\/uploads\/2022\/03\/IMG_20220222_094558-900x1001.jpg 900w\" sizes=\"(max-width: 2303px) 100vw, 2303px\" \/>\t\t\t\t<\/div>\n\t\t\t\t\t\t\t\t\t\t\t<\/div>\n\t<\/div>\n  [\/vc_column][vc_column et_column_color=&#8221;et-light-column&#8221; animation=&#8221;animation top-to-bottom&#8221; offset=&#8221;vc_col-lg-offset-1 vc_col-lg-5 vc_hidden-sm vc_hidden-xs&#8221; css=&#8221;.vc_custom_1647429451516{margin-top: -200px !important;}&#8221;]\r\n\t\t<div class=\"et-banner-69f22b71bea9d et-banner content-full  image-type-fluid text-color-light hover-effect hover-zoom \"><img decoding=\"async\" width=\"1745\" height=\"2434\" src=\"https:\/\/www.lacurebeaute.fr\/wp-content\/uploads\/2022\/03\/IMG_9431.jpg\" class=\"attachment-200x500 size-200x500\" alt=\"\" srcset=\"https:\/\/www.lacurebeaute.fr\/wp-content\/uploads\/2022\/03\/IMG_9431.jpg 1745w, https:\/\/www.lacurebeaute.fr\/wp-content\/uploads\/2022\/03\/IMG_9431-215x300.jpg 215w, https:\/\/www.lacurebeaute.fr\/wp-content\/uploads\/2022\/03\/IMG_9431-734x1024.jpg 734w, https:\/\/www.lacurebeaute.fr\/wp-content\/uploads\/2022\/03\/IMG_9431-768x1071.jpg 768w, https:\/\/www.lacurebeaute.fr\/wp-content\/uploads\/2022\/03\/IMG_9431-69x96.jpg 69w, https:\/\/www.lacurebeaute.fr\/wp-content\/uploads\/2022\/03\/IMG_9431-30x42.jpg 30w, https:\/\/www.lacurebeaute.fr\/wp-content\/uploads\/2022\/03\/IMG_9431-1101x1536.jpg 1101w, https:\/\/www.lacurebeaute.fr\/wp-content\/uploads\/2022\/03\/IMG_9431-1468x2048.jpg 1468w, https:\/\/www.lacurebeaute.fr\/wp-content\/uploads\/2022\/03\/IMG_9431-108x150.jpg 108w, https:\/\/www.lacurebeaute.fr\/wp-content\/uploads\/2022\/03\/IMG_9431-600x837.jpg 600w, https:\/\/www.lacurebeaute.fr\/wp-content\/uploads\/2022\/03\/IMG_9431-900x1255.jpg 900w\" sizes=\"(max-width: 1745px) 100vw, 1745px\" \/>\r\n\t\t<\/div>[\/vc_column][\/vc_row][vc_row et_full_width=&#8221;true&#8221; et_row_padding=&#8221;true&#8221; content_placement=&#8221;middle&#8221; css=&#8221;.vc_custom_1647419341883{margin-bottom: 80px !important;padding-top: 80px !important;padding-bottom: 80px !important;background-color: #c6b2ff !important;}&#8221;][vc_column width=&#8221;1\/6&#8243; offset=&#8221;vc_hidden-sm vc_hidden-xs&#8221;][\/vc_column][vc_column width=&#8221;2\/3&#8243; css=&#8221;.vc_custom_1647429757904{padding-right: 10px !important;padding-left: 10px !important;}&#8221;][vc_column_text]\n<h4 style=\"text-align: center; color: #ffffff; font-family: montserrat;\">&#8220;Le fond bleu 06&#8221; ist eine Vereinigung von Tauchern und Skippern, die sich f\u00fcr die S\u00e4uberung des Meeresbodens zwischen Antibes und Cannes einsetzen.<\/h4>\n[\/vc_column_text][\/vc_column][vc_column width=&#8221;1\/6&#8243; offset=&#8221;vc_hidden-sm vc_hidden-xs&#8221;][\/vc_column][\/vc_row][vc_row et_full_width=&#8221;true&#8221; content_placement=&#8221;middle&#8221; css=&#8221;.vc_custom_1555550614288{margin-top: 80px !important;margin-bottom: 80px !important;}&#8221; el_class=&#8221;align-center&#8221;][vc_column width=&#8221;1\/2&#8243; css=&#8221;.vc_custom_1647425044407{margin-right: 80px !important;margin-left: 120px !important;}&#8221; offset=&#8221;vc_hidden-sm vc_hidden-xs&#8221;][vc_column_text]\n<h2 style=\"text-align: center;\">Ihre Vision:<\/h2>\n<p style=\"text-align: center;\">Im Laufe ihrer Tauchg\u00e4nge stellten Jean Jaques und Jean-Claude den erheblichen R\u00fcckgang der Biodiversit\u00e4t des Meeresbodens im Zusammenhang mit der Zunahme von Abf\u00e4llen fest. Seither haben sie es sich zur Aufgabe gemacht, den Meeresboden der Mittelmeerk\u00fcsten zu reinigen. \u00dcber ihre Reinigungsaktionen hinaus wollen sie das Bewusstsein insbesondere bei den gew\u00e4hlten Amtstr\u00e4gern sch\u00e4rfen.<\/p>\n[\/vc_column_text][\/vc_column][vc_column width=&#8221;1\/2&#8243; offset=&#8221;vc_hidden-sm vc_hidden-xs&#8221;]\t<div id=\"et-image-695\" class=\"et-image     et_image_link\">\n\t\t<div class=\"et-image-inner \">\n\t\t\t\t\t\t\t<div class=\"et-image-thumb \">\n\t\t\t\t\t<img decoding=\"async\" width=\"719\" height=\"480\" src=\"https:\/\/www.lacurebeaute.fr\/wp-content\/uploads\/2022\/03\/IMG-20211227-WA0001.jpg\" class=\"attachment-full size-full\" alt=\"\" srcset=\"https:\/\/www.lacurebeaute.fr\/wp-content\/uploads\/2022\/03\/IMG-20211227-WA0001.jpg 719w, https:\/\/www.lacurebeaute.fr\/wp-content\/uploads\/2022\/03\/IMG-20211227-WA0001-300x200.jpg 300w, https:\/\/www.lacurebeaute.fr\/wp-content\/uploads\/2022\/03\/IMG-20211227-WA0001-96x64.jpg 96w, https:\/\/www.lacurebeaute.fr\/wp-content\/uploads\/2022\/03\/IMG-20211227-WA0001-42x28.jpg 42w, https:\/\/www.lacurebeaute.fr\/wp-content\/uploads\/2022\/03\/IMG-20211227-WA0001-150x100.jpg 150w, https:\/\/www.lacurebeaute.fr\/wp-content\/uploads\/2022\/03\/IMG-20211227-WA0001-600x401.jpg 600w\" sizes=\"(max-width: 719px) 100vw, 719px\" \/>\t\t\t\t<\/div>\n\t\t\t\t\t\t\t\t\t\t\t<\/div>\n\t<\/div>\n  [\/vc_column][\/vc_row][vc_row et_full_width=&#8221;true&#8221; content_placement=&#8221;middle&#8221; css=&#8221;.vc_custom_1555550614288{margin-top: 80px !important;margin-bottom: 80px !important;}&#8221; el_class=&#8221;align-center&#8221;][vc_column offset=&#8221;vc_hidden-lg vc_hidden-md&#8221;]\t<div id=\"et-image-990\" class=\"et-image     et_image_link\">\n\t\t<div class=\"et-image-inner \">\n\t\t\t\t\t\t\t<div class=\"et-image-thumb \">\n\t\t\t\t\t<img decoding=\"async\" width=\"719\" height=\"480\" src=\"https:\/\/www.lacurebeaute.fr\/wp-content\/uploads\/2022\/03\/IMG-20211227-WA0001.jpg\" class=\"attachment-full size-full\" alt=\"\" srcset=\"https:\/\/www.lacurebeaute.fr\/wp-content\/uploads\/2022\/03\/IMG-20211227-WA0001.jpg 719w, https:\/\/www.lacurebeaute.fr\/wp-content\/uploads\/2022\/03\/IMG-20211227-WA0001-300x200.jpg 300w, https:\/\/www.lacurebeaute.fr\/wp-content\/uploads\/2022\/03\/IMG-20211227-WA0001-96x64.jpg 96w, https:\/\/www.lacurebeaute.fr\/wp-content\/uploads\/2022\/03\/IMG-20211227-WA0001-42x28.jpg 42w, https:\/\/www.lacurebeaute.fr\/wp-content\/uploads\/2022\/03\/IMG-20211227-WA0001-150x100.jpg 150w, https:\/\/www.lacurebeaute.fr\/wp-content\/uploads\/2022\/03\/IMG-20211227-WA0001-600x401.jpg 600w\" sizes=\"(max-width: 719px) 100vw, 719px\" \/>\t\t\t\t<\/div>\n\t\t\t\t\t\t\t\t\t\t\t<\/div>\n\t<\/div>\n  [vc_column_text css=&#8221;.vc_custom_1647430313572{padding-top: 20px !important;}&#8221;]\n<h2 style=\"text-align: center;\">Ihre Vision:<\/h2>\n<p style=\"text-align: center;\">Im Laufe ihrer Tauchg\u00e4nge stellten Jean Jaques und Jean-Claude den erheblichen R\u00fcckgang der Biodiversit\u00e4t des Meeresbodens im Zusammenhang mit der Zunahme von Abf\u00e4llen fest. Seither haben sie es sich zur Aufgabe gemacht, den Meeresboden der Mittelmeerk\u00fcsten zu reinigen. \u00dcber ihre Reinigungsaktionen hinaus wollen sie das Bewusstsein insbesondere bei den gew\u00e4hlten Amtstr\u00e4gern sch\u00e4rfen.<\/p>\n[\/vc_column_text][\/vc_column][\/vc_row][vc_row et_full_width=&#8221;true&#8221; content_placement=&#8221;middle&#8221; css=&#8221;.vc_custom_1555550614288{margin-top: 80px !important;margin-bottom: 80px !important;}&#8221; el_class=&#8221;align-center&#8221;][vc_column width=&#8221;1\/2&#8243; offset=&#8221;vc_hidden-sm vc_hidden-xs&#8221;]\t<div id=\"et-image-989\" class=\"et-image aligncenter    et_image_link\">\n\t\t<div class=\"et-image-inner \">\n\t\t\t\t\t\t\t<div class=\"et-image-thumb \">\n\t\t\t\t\t<img decoding=\"async\" width=\"640\" height=\"480\" src=\"https:\/\/www.lacurebeaute.fr\/wp-content\/uploads\/2022\/03\/IMG-20211227-WA0003resize.jpg\" class=\"attachment-full size-full\" alt=\"\" srcset=\"https:\/\/www.lacurebeaute.fr\/wp-content\/uploads\/2022\/03\/IMG-20211227-WA0003resize.jpg 640w, https:\/\/www.lacurebeaute.fr\/wp-content\/uploads\/2022\/03\/IMG-20211227-WA0003resize-300x225.jpg 300w, https:\/\/www.lacurebeaute.fr\/wp-content\/uploads\/2022\/03\/IMG-20211227-WA0003resize-96x72.jpg 96w, https:\/\/www.lacurebeaute.fr\/wp-content\/uploads\/2022\/03\/IMG-20211227-WA0003resize-42x32.jpg 42w, https:\/\/www.lacurebeaute.fr\/wp-content\/uploads\/2022\/03\/IMG-20211227-WA0003resize-150x113.jpg 150w, https:\/\/www.lacurebeaute.fr\/wp-content\/uploads\/2022\/03\/IMG-20211227-WA0003resize-600x450.jpg 600w\" sizes=\"(max-width: 640px) 100vw, 640px\" \/>\t\t\t\t<\/div>\n\t\t\t\t\t\t\t\t\t\t\t<\/div>\n\t<\/div>\n  [\/vc_column][vc_column width=&#8221;1\/2&#8243; css=&#8221;.vc_custom_1647425068924{margin-right: 250px !important;}&#8221; offset=&#8221;vc_hidden-sm vc_hidden-xs&#8221;][vc_column_text]\n<h2 style=\"text-align: center;\">Ihre Aktionen:<\/h2>\n<p style=\"text-align: center;\">W\u00f6chentlich M\u00fcllsuche \/ Lokale Reinigung des Meeresbodens.<\/p>\n<p style=\"text-align: center;\">Sensibilisierungskampagnen zu den Problemen im Zusammenhang mit der Verschmutzung des Meeresbodens bei Schulkindern.<\/p>\n[\/vc_column_text][\/vc_column][\/vc_row][vc_row et_full_width=&#8221;true&#8221; content_placement=&#8221;middle&#8221; css=&#8221;.vc_custom_1555550614288{margin-top: 80px !important;margin-bottom: 80px !important;}&#8221; el_class=&#8221;align-center&#8221;][vc_column offset=&#8221;vc_hidden-lg vc_hidden-md&#8221;]\t<div id=\"et-image-248\" class=\"et-image aligncenter    et_image_link\">\n\t\t<div class=\"et-image-inner \">\n\t\t\t\t\t\t\t<div class=\"et-image-thumb \">\n\t\t\t\t\t<img decoding=\"async\" width=\"640\" height=\"480\" src=\"https:\/\/www.lacurebeaute.fr\/wp-content\/uploads\/2022\/03\/IMG-20211227-WA0003resize.jpg\" class=\"attachment-full size-full\" alt=\"\" srcset=\"https:\/\/www.lacurebeaute.fr\/wp-content\/uploads\/2022\/03\/IMG-20211227-WA0003resize.jpg 640w, https:\/\/www.lacurebeaute.fr\/wp-content\/uploads\/2022\/03\/IMG-20211227-WA0003resize-300x225.jpg 300w, https:\/\/www.lacurebeaute.fr\/wp-content\/uploads\/2022\/03\/IMG-20211227-WA0003resize-96x72.jpg 96w, https:\/\/www.lacurebeaute.fr\/wp-content\/uploads\/2022\/03\/IMG-20211227-WA0003resize-42x32.jpg 42w, https:\/\/www.lacurebeaute.fr\/wp-content\/uploads\/2022\/03\/IMG-20211227-WA0003resize-150x113.jpg 150w, https:\/\/www.lacurebeaute.fr\/wp-content\/uploads\/2022\/03\/IMG-20211227-WA0003resize-600x450.jpg 600w\" sizes=\"(max-width: 640px) 100vw, 640px\" \/>\t\t\t\t<\/div>\n\t\t\t\t\t\t\t\t\t\t\t<\/div>\n\t<\/div>\n  [vc_column_text css=&#8221;.vc_custom_1647430327209{padding-top: 20px !important;}&#8221;]\n<h2 style=\"text-align: center;\">Ihre Aktionen:<\/h2>\n<p style=\"text-align: center;\">W\u00f6chentlich M\u00fcllsuche \/ Lokale Reinigung des Meeresbodens.<\/p>\n<p style=\"text-align: center;\">Sensibilisierungskampagnen zu den Problemen im Zusammenhang mit der Verschmutzung des Meeresbodens bei Schulkindern.<\/p>\n[\/vc_column_text][\/vc_column][\/vc_row][vc_row et_full_width=&#8221;true&#8221; et_row_padding=&#8221;true&#8221; content_placement=&#8221;middle&#8221; css=&#8221;.vc_custom_1647424569400{background-color: #c6b2ff !important;}&#8221;][vc_column animation=&#8221;animation left-to-right&#8221; offset=&#8221;vc_col-lg-6&#8243;]\t<div id=\"et-image-269\" class=\"et-image     et_image_link\">\n\t\t<div class=\"et-image-inner \">\n\t\t\t\t\t\t\t<div class=\"et-image-thumb \">\n\t\t\t\t\t<img decoding=\"async\" width=\"719\" height=\"480\" src=\"https:\/\/www.lacurebeaute.fr\/wp-content\/uploads\/2022\/03\/IMG-20211227-WA0002.jpg\" class=\"attachment-full size-full\" alt=\"\" srcset=\"https:\/\/www.lacurebeaute.fr\/wp-content\/uploads\/2022\/03\/IMG-20211227-WA0002.jpg 719w, https:\/\/www.lacurebeaute.fr\/wp-content\/uploads\/2022\/03\/IMG-20211227-WA0002-300x200.jpg 300w, https:\/\/www.lacurebeaute.fr\/wp-content\/uploads\/2022\/03\/IMG-20211227-WA0002-96x64.jpg 96w, https:\/\/www.lacurebeaute.fr\/wp-content\/uploads\/2022\/03\/IMG-20211227-WA0002-42x28.jpg 42w, https:\/\/www.lacurebeaute.fr\/wp-content\/uploads\/2022\/03\/IMG-20211227-WA0002-150x100.jpg 150w, https:\/\/www.lacurebeaute.fr\/wp-content\/uploads\/2022\/03\/IMG-20211227-WA0002-600x401.jpg 600w\" sizes=\"(max-width: 719px) 100vw, 719px\" \/>\t\t\t\t<\/div>\n\t\t\t\t\t\t\t\t\t\t\t<\/div>\n\t<\/div>\n  [\/vc_column][vc_column et_column_color=&#8221;et-light-column&#8221; animation=&#8221;animation right-to-left&#8221; offset=&#8221;vc_col-lg-offset-1 vc_col-lg-3&#8243; css=&#8221;.vc_custom_1647430367736{padding-top: 95px !important;padding-bottom: 95px !important;}&#8221;][vc_column_text]\n<h2 style=\"text-align: center;\">\u201eWir lieben, was uns in Erstaunen versetzt hat, und wir sch\u00fctzen, was wir lieben.\u201d<\/h2>\n<p style=\"text-align: center;\">Jacques-Yves Cousteau<\/p>\n[\/vc_column_text][\/vc_column][\/vc_row]\n","protected":false},"excerpt":{"rendered":"<p>[vc_row et_full_width=&#8221;true&#8221; content_placement=&#8221;middle&#8221;][vc_column animation=&#8221;animation bottom-to-top&#8221; offset=&#8221;vc_col-lg-offset-1 vc_col-lg-4 vc_hidden-sm vc_hidden-xs&#8221; css=&#8221;.vc_custom_1647429231339{padding-top: 160px !important;}&#8221;][vc_empty_space height=&#8221;160px&#8221;][\/vc_column][\/vc_row][vc_row et_full_width=&#8221;true&#8221; content_placement=&#8221;middle&#8221; css=&#8221;.vc_custom_1647429689917{padding-bottom: 80px !important;}&#8221;][vc_column animation=&#8221;animation bottom-to-top&#8221; offset=&#8221;vc_col-lg-offset-1 vc_col-lg-4&#8243; css=&#8221;.vc_custom_1647429570949{padding-top: 10px !important;}&#8221;][vc_column_text] La Cure Beaut\u00e9 engagiert sich f\u00fcr lokale Akteure, die sich dem Schutz des Mittelmeeres verschrieben haben. [\/vc_column_text][\/vc_column][vc_column et_column_color=&#8221;et-light-column&#8221; animation=&#8221;animation top-to-bottom&#8221; offset=&#8221;vc_col-lg-offset-1 vc_col-lg-5 vc_hidden-sm vc_hidden-xs&#8221; css=&#8221;.vc_custom_1647429451516{margin-top:&hellip;<\/p>\n","protected":false},"author":35,"featured_media":0,"parent":0,"menu_order":0,"comment_status":"closed","ping_status":"closed","template":"","meta":{"footnotes":""},"yoast_head":"<!-- This site is optimized with the Yoast SEO plugin v23.5 - https:\/\/yoast.com\/wordpress\/plugins\/seo\/ -->\n<title>Wir zeigen Engagement: - La Cure Beaut\u00e9<\/title>\n<meta name=\"robots\" content=\"index, follow, max-snippet:-1, max-image-preview:large, max-video-preview:-1\" \/>\n<link rel=\"canonical\" href=\"https:\/\/www.lacurebeaute.fr\/de\/wir-zeigen-engagement\/\" \/>\n<meta property=\"og:locale\" content=\"de_DE\" \/>\n<meta property=\"og:type\" content=\"article\" \/>\n<meta property=\"og:title\" content=\"Wir zeigen Engagement: - La Cure Beaut\u00e9\" \/>\n<meta property=\"og:description\" content=\"[vc_row et_full_width=&#8221;true&#8221; content_placement=&#8221;middle&#8221;][vc_column animation=&#8221;animation bottom-to-top&#8221; offset=&#8221;vc_col-lg-offset-1 vc_col-lg-4 vc_hidden-sm vc_hidden-xs&#8221; css=&#8221;.vc_custom_1647429231339{padding-top: 160px !important;}&#8221;][vc_empty_space height=&#8221;160px&#8221;][\/vc_column][\/vc_row][vc_row et_full_width=&#8221;true&#8221; content_placement=&#8221;middle&#8221; css=&#8221;.vc_custom_1647429689917{padding-bottom: 80px !important;}&#8221;][vc_column animation=&#8221;animation bottom-to-top&#8221; offset=&#8221;vc_col-lg-offset-1 vc_col-lg-4&#8243; css=&#8221;.vc_custom_1647429570949{padding-top: 10px !important;}&#8221;][vc_column_text] La Cure Beaut\u00e9 engagiert sich f\u00fcr lokale Akteure, die sich dem Schutz des Mittelmeeres verschrieben haben. [\/vc_column_text][\/vc_column][vc_column et_column_color=&#8221;et-light-column&#8221; animation=&#8221;animation top-to-bottom&#8221; offset=&#8221;vc_col-lg-offset-1 vc_col-lg-5 vc_hidden-sm vc_hidden-xs&#8221; css=&#8221;.vc_custom_1647429451516{margin-top:&hellip;\" \/>\n<meta property=\"og:url\" content=\"https:\/\/www.lacurebeaute.fr\/de\/wir-zeigen-engagement\/\" \/>\n<meta property=\"og:site_name\" content=\"La Cure Beaut\u00e9\" \/>\n<meta property=\"article:modified_time\" content=\"2022-03-18T10:30:07+00:00\" \/>\n<meta name=\"twitter:card\" content=\"summary_large_image\" \/>\n<meta name=\"twitter:label1\" content=\"Gesch\u00e4tzte Lesezeit\" \/>\n\t<meta name=\"twitter:data1\" content=\"4\u00a0Minuten\" \/>\n<script type=\"application\/ld+json\" class=\"yoast-schema-graph\">{\"@context\":\"https:\/\/schema.org\",\"@graph\":[{\"@type\":\"WebPage\",\"@id\":\"https:\/\/www.lacurebeaute.fr\/de\/wir-zeigen-engagement\/\",\"url\":\"https:\/\/www.lacurebeaute.fr\/de\/wir-zeigen-engagement\/\",\"name\":\"Wir zeigen Engagement: - La Cure Beaut\u00e9\",\"isPartOf\":{\"@id\":\"https:\/\/www.lacurebeaute.fr\/de\/#website\"},\"datePublished\":\"2022-03-18T07:51:21+00:00\",\"dateModified\":\"2022-03-18T10:30:07+00:00\",\"breadcrumb\":{\"@id\":\"https:\/\/www.lacurebeaute.fr\/de\/wir-zeigen-engagement\/#breadcrumb\"},\"inLanguage\":\"de\",\"potentialAction\":[{\"@type\":\"ReadAction\",\"target\":[\"https:\/\/www.lacurebeaute.fr\/de\/wir-zeigen-engagement\/\"]}]},{\"@type\":\"BreadcrumbList\",\"@id\":\"https:\/\/www.lacurebeaute.fr\/de\/wir-zeigen-engagement\/#breadcrumb\",\"itemListElement\":[{\"@type\":\"ListItem\",\"position\":1,\"name\":\"Accueil\",\"item\":\"https:\/\/www.lacurebeaute.fr\/de\/\"},{\"@type\":\"ListItem\",\"position\":2,\"name\":\"Wir zeigen Engagement:\"}]},{\"@type\":\"WebSite\",\"@id\":\"https:\/\/www.lacurebeaute.fr\/de\/#website\",\"url\":\"https:\/\/www.lacurebeaute.fr\/de\/\",\"name\":\"La Cure Beaut\u00e9\",\"description\":\"La marque de soins entre copines, naturelle et efficace\",\"potentialAction\":[{\"@type\":\"SearchAction\",\"target\":{\"@type\":\"EntryPoint\",\"urlTemplate\":\"https:\/\/www.lacurebeaute.fr\/de\/?s={search_term_string}\"},\"query-input\":{\"@type\":\"PropertyValueSpecification\",\"valueRequired\":true,\"valueName\":\"search_term_string\"}}],\"inLanguage\":\"de\"}]}<\/script>\n<!-- \/ Yoast SEO plugin. -->","yoast_head_json":{"title":"Wir zeigen Engagement: - La Cure Beaut\u00e9","robots":{"index":"index","follow":"follow","max-snippet":"max-snippet:-1","max-image-preview":"max-image-preview:large","max-video-preview":"max-video-preview:-1"},"canonical":"https:\/\/www.lacurebeaute.fr\/de\/wir-zeigen-engagement\/","og_locale":"de_DE","og_type":"article","og_title":"Wir zeigen Engagement: - La Cure Beaut\u00e9","og_description":"[vc_row et_full_width=&#8221;true&#8221; content_placement=&#8221;middle&#8221;][vc_column animation=&#8221;animation bottom-to-top&#8221; offset=&#8221;vc_col-lg-offset-1 vc_col-lg-4 vc_hidden-sm vc_hidden-xs&#8221; css=&#8221;.vc_custom_1647429231339{padding-top: 160px !important;}&#8221;][vc_empty_space height=&#8221;160px&#8221;][\/vc_column][\/vc_row][vc_row et_full_width=&#8221;true&#8221; content_placement=&#8221;middle&#8221; css=&#8221;.vc_custom_1647429689917{padding-bottom: 80px !important;}&#8221;][vc_column animation=&#8221;animation bottom-to-top&#8221; offset=&#8221;vc_col-lg-offset-1 vc_col-lg-4&#8243; css=&#8221;.vc_custom_1647429570949{padding-top: 10px !important;}&#8221;][vc_column_text] La Cure Beaut\u00e9 engagiert sich f\u00fcr lokale Akteure, die sich dem Schutz des Mittelmeeres verschrieben haben. [\/vc_column_text][\/vc_column][vc_column et_column_color=&#8221;et-light-column&#8221; animation=&#8221;animation top-to-bottom&#8221; offset=&#8221;vc_col-lg-offset-1 vc_col-lg-5 vc_hidden-sm vc_hidden-xs&#8221; css=&#8221;.vc_custom_1647429451516{margin-top:&hellip;","og_url":"https:\/\/www.lacurebeaute.fr\/de\/wir-zeigen-engagement\/","og_site_name":"La Cure Beaut\u00e9","article_modified_time":"2022-03-18T10:30:07+00:00","twitter_card":"summary_large_image","twitter_misc":{"Gesch\u00e4tzte Lesezeit":"4\u00a0Minuten"},"schema":{"@context":"https:\/\/schema.org","@graph":[{"@type":"WebPage","@id":"https:\/\/www.lacurebeaute.fr\/de\/wir-zeigen-engagement\/","url":"https:\/\/www.lacurebeaute.fr\/de\/wir-zeigen-engagement\/","name":"Wir zeigen Engagement: - La Cure Beaut\u00e9","isPartOf":{"@id":"https:\/\/www.lacurebeaute.fr\/de\/#website"},"datePublished":"2022-03-18T07:51:21+00:00","dateModified":"2022-03-18T10:30:07+00:00","breadcrumb":{"@id":"https:\/\/www.lacurebeaute.fr\/de\/wir-zeigen-engagement\/#breadcrumb"},"inLanguage":"de","potentialAction":[{"@type":"ReadAction","target":["https:\/\/www.lacurebeaute.fr\/de\/wir-zeigen-engagement\/"]}]},{"@type":"BreadcrumbList","@id":"https:\/\/www.lacurebeaute.fr\/de\/wir-zeigen-engagement\/#breadcrumb","itemListElement":[{"@type":"ListItem","position":1,"name":"Accueil","item":"https:\/\/www.lacurebeaute.fr\/de\/"},{"@type":"ListItem","position":2,"name":"Wir zeigen Engagement:"}]},{"@type":"WebSite","@id":"https:\/\/www.lacurebeaute.fr\/de\/#website","url":"https:\/\/www.lacurebeaute.fr\/de\/","name":"La Cure Beaut\u00e9","description":"La marque de soins entre copines, naturelle et efficace","potentialAction":[{"@type":"SearchAction","target":{"@type":"EntryPoint","urlTemplate":"https:\/\/www.lacurebeaute.fr\/de\/?s={search_term_string}"},"query-input":{"@type":"PropertyValueSpecification","valueRequired":true,"valueName":"search_term_string"}}],"inLanguage":"de"}]}},"_links":{"self":[{"href":"https:\/\/www.lacurebeaute.fr\/de\/wp-json\/wp\/v2\/pages\/22690"}],"collection":[{"href":"https:\/\/www.lacurebeaute.fr\/de\/wp-json\/wp\/v2\/pages"}],"about":[{"href":"https:\/\/www.lacurebeaute.fr\/de\/wp-json\/wp\/v2\/types\/page"}],"author":[{"embeddable":true,"href":"https:\/\/www.lacurebeaute.fr\/de\/wp-json\/wp\/v2\/users\/35"}],"replies":[{"embeddable":true,"href":"https:\/\/www.lacurebeaute.fr\/de\/wp-json\/wp\/v2\/comments?post=22690"}],"version-history":[{"count":2,"href":"https:\/\/www.lacurebeaute.fr\/de\/wp-json\/wp\/v2\/pages\/22690\/revisions"}],"predecessor-version":[{"id":22692,"href":"https:\/\/www.lacurebeaute.fr\/de\/wp-json\/wp\/v2\/pages\/22690\/revisions\/22692"}],"wp:attachment":[{"href":"https:\/\/www.lacurebeaute.fr\/de\/wp-json\/wp\/v2\/media?parent=22690"}],"curies":[{"name":"wp","href":"https:\/\/api.w.org\/{rel}","templated":true}]}}