{"id":17262,"date":"2021-03-09T15:47:56","date_gmt":"2021-03-09T14:47:56","guid":{"rendered":"https:\/\/www.lacurebeaute.fr\/produit\/creme-hydratante-et-apaisante-a-la-rose\/"},"modified":"2025-10-24T09:32:52","modified_gmt":"2025-10-24T07:32:52","slug":"deep-hydration-rose-face-cream","status":"publish","type":"product","link":"https:\/\/www.lacurebeaute.fr\/de\/produit\/deep-hydration-rose-face-cream\/","title":{"rendered":"Deep Hydration Rose Face Cream"},"content":{"rendered":"[vc_row et_row_padding=&#8221;true&#8221; css=&#8221;.vc_custom_1653921525147{background-color: #E6DFFB !important;}&#8221; el_class=&#8221;bg-full pink spacing-lg percents&#8221;][vc_column]\t<div id=\"et-content-carousel-861\" class=\"row et-content-carousel slick slick-slider no-padding  \" data-center=\"\" data-columns=\"3\" data-autoplay=\"\" data-fade=\"false\" data-autoplay-speed=\"\" data-pause=\"\" data-navigation=\"\" data-pagination=\"true\" data-infinite=\"true\">\n\t\t[vc_row_inner][vc_column_inner]\n\t<div id=\"et-counter-69f0cb838dd3f\" class=\"et-counter animation bottom-to-top counter-color-custom icon-color- text-color-custom counter-top\" >\n\t\t\t\t\t<div class=\"counter-container\">\n\t\t\t\t\t\t\t\t\t<div class=\"h1\" data-count=\"100\" data-speed=\"1500\">0<\/div>\n\t\t\t\t\t\t\t\t\t\t\t\t\t<h4>erfrischendes Feuchtigkeitsgef\u00fchl*<\/h4>\n\t\t\t\t\t\t\t<\/div>\n\t\t\t\t\t\t\t\t\t\t<figure>\t\t\t\t\t<span class=\"\"><\/span>\n\t\t\t\t\t\t\t\t\t<\/figure>\n\t\t\t\t\t\t\t\n\t<\/div>\n\t[\/vc_column_inner][\/vc_row_inner][vc_row_inner][vc_column_inner]\n\t<div id=\"et-counter-69f0cb838dd6d\" class=\"et-counter animation bottom-to-top counter-color-custom icon-color- text-color-custom counter-top\" >\n\t\t\t\t\t<div class=\"counter-container\">\n\t\t\t\t\t\t\t\t\t<div class=\"h1\" data-count=\"100\" data-speed=\"1500\">0<\/div>\n\t\t\t\t\t\t\t\t\t\t\t\t\t<h4>weiche und beruhigte Haut*<\/h4>\n\t\t\t\t\t\t\t<\/div>\n\t\t\t\t\t\t\t\t\t\t<figure>\t\t\t\t\t<span class=\"\"><\/span>\n\t\t\t\t\t\t\t\t\t<\/figure>\n\t\t\t\t\t\t\t\n\t<\/div>\n\t[\/vc_column_inner][\/vc_row_inner][vc_row_inner][vc_column_inner]\n\t<div id=\"et-counter-69f0cb838dd82\" class=\"et-counter animation bottom-to-top counter-color-custom icon-color- text-color-custom counter-top\" >\n\t\t\t\t\t<div class=\"counter-container\">\n\t\t\t\t\t\t\t\t\t<div class=\"h1\" data-count=\"100\" data-speed=\"1500\">0<\/div>\n\t\t\t\t\t\t\t\t\t\t\t\t\t<h4>Sichtbar strahlendere Haut*<\/h4>\n\t\t\t\t\t\t\t<\/div>\n\t\t\t\t\t\t\t\t\t\t<figure>\t\t\t\t\t<span class=\"\"><\/span>\n\t\t\t\t\t\t\t\t\t<\/figure>\n\t\t\t\t\t\t\t\n\t<\/div>\n\t[\/vc_column_inner][\/vc_row_inner]\t<\/div>\n\t\t\n\t[\/vc_column][\/vc_row][vc_row el_class=&#8221;spacing-lg benefits&#8221;][vc_column width=&#8221;1\/2&#8243; animation=&#8221;animation bottom-to-top&#8221;]\t<div id=\"et-image-323\" class=\"et-image   benefits-img  et_image_link\">\n\t\t<div class=\"et-image-inner \">\n\t\t\t\t\t\t\t<div class=\"et-image-thumb \">\n\t\t\t\t\t<img decoding=\"async\" width=\"1792\" height=\"2168\" src=\"https:\/\/www.lacurebeaute.fr\/wp-content\/uploads\/2021\/03\/9902-\u2013-6.png\" class=\"attachment-full size-full\" alt=\"\" srcset=\"https:\/\/www.lacurebeaute.fr\/wp-content\/uploads\/2021\/03\/9902-\u2013-6.png 1792w, https:\/\/www.lacurebeaute.fr\/wp-content\/uploads\/2021\/03\/9902-\u2013-6-248x300.png 248w, https:\/\/www.lacurebeaute.fr\/wp-content\/uploads\/2021\/03\/9902-\u2013-6-846x1024.png 846w, https:\/\/www.lacurebeaute.fr\/wp-content\/uploads\/2021\/03\/9902-\u2013-6-768x929.png 768w, https:\/\/www.lacurebeaute.fr\/wp-content\/uploads\/2021\/03\/9902-\u2013-6-79x96.png 79w, https:\/\/www.lacurebeaute.fr\/wp-content\/uploads\/2021\/03\/9902-\u2013-6-35x42.png 35w, https:\/\/www.lacurebeaute.fr\/wp-content\/uploads\/2021\/03\/9902-\u2013-6-1270x1536.png 1270w, https:\/\/www.lacurebeaute.fr\/wp-content\/uploads\/2021\/03\/9902-\u2013-6-1693x2048.png 1693w, https:\/\/www.lacurebeaute.fr\/wp-content\/uploads\/2021\/03\/9902-\u2013-6-124x150.png 124w, https:\/\/www.lacurebeaute.fr\/wp-content\/uploads\/2021\/03\/9902-\u2013-6-600x726.png 600w, https:\/\/www.lacurebeaute.fr\/wp-content\/uploads\/2021\/03\/9902-\u2013-6-900x1089.png 900w\" sizes=\"(max-width: 1792px) 100vw, 1792px\" \/>\t\t\t\t<\/div>\n\t\t\t\t\t\t\t\t\t\t\t<\/div>\n\t<\/div>\n  [\/vc_column][vc_column width=&#8221;1\/2&#8243; animation=&#8221;animation bottom-to-top&#8221;][vc_column_text css=&#8221;.vc_custom_1710155218520{margin-bottom: 0px !important;}&#8221;]\n<h3 style=\"text-align: left;\">FEUCHTIGKEITSCREME F\u00dcR DAS GESICHT<\/h3>\n<h2 style=\"text-align: left;\">Ein Augenblick der Sanftheit<\/h2>\n<p>Unsere Feuchtigkeitscreme hat viele Vorteile: Sie verleiht der Haut den ganzen Tag und die ganze Nacht \u00fcber ein langanhaltendes Feuchtigkeitsgef\u00fchl, strafft sie und gl\u00e4ttet die Gesichtsz\u00fcge. Ihre Haut ist sp\u00fcrbar weicher und beruhigt.<\/p>\n<p><strong>Besondere Merkmale:<\/strong><\/p>\n<ul>\n<li>VEGAN<\/li>\n<li>Dermatologisch getestet<\/li>\n<\/ul>\n[\/vc_column_text][\/vc_column][\/vc_row][vc_row el_class=&#8221;spacing-lg application&#8221;][vc_column][vc_row_inner][vc_column_inner][vc_column_text animation=&#8221;animation bottom-to-top&#8221; css=&#8221;.vc_custom_1629384727789{margin-bottom: 0px !important;}&#8221;]\n<h3 style=\"text-align: center;\"><label class=\"fancy-tag\">Anwendung<\/label><\/h3>\n<h2 style=\"text-align: center;\">Jeden Morgen<\/h2>\n[\/vc_column_text][\/vc_column_inner][\/vc_row_inner]\t<div id=\"et-content-carousel-363\" class=\"row et-content-carousel slick slick-slider regular-padding  \" data-center=\"\" data-columns=\"3\" data-autoplay=\"\" data-fade=\"false\" data-autoplay-speed=\"\" data-pause=\"\" data-navigation=\"\" data-pagination=\"true\" data-infinite=\"true\">\n\t\t\r\n\t<div id=\"et-iconbox-357\" class=\"et-iconbox layout-centered icon-style-image-default bottom-spacing-none icon-color- text-color- animation bottom-to-top \"> \r\n\t\t<div class=\"et-icon-inner\">\r\n\t\t\t<figure class=\"et-feature-icon\">\r\n\t\t\t\t\t\t\t\t\t<img decoding=\"async\" src=\"https:\/\/www.lacurebeaute.fr\/wp-content\/uploads\/2021\/03\/Creme-Recette-de-Grand-Mere-step2.jpg\" alt=\"\" \/>\r\n\t\t\t\t\t\t\t<\/figure>\r\n\t\t\t<div class=\"et-feature-content\"> \r\n\t\t\t\t\t\t\t\t\t\t\t\t<div class=\"wpb_text_column\"><h4 style=\"text-align: center;\">Schritt 1<\/h4>\n<p style=\"text-align: center;\"><span style=\"font-weight: 400;\">Tragen Sie nach der Reinigung Ihres Gesichts und dem Auftragen eines Serums eine kleine Menge der Deep Hydration Rose Face Cream auf das gesamte Gesicht auf. Sparen Sie dabei die Augenpartie aus<\/span><\/p>\n<\/div>\r\n\t\t\t\t\t\t\t<\/div>\r\n\t\t<\/div>\r\n\t<\/div>\r\n\r\n\t\r\n\t<div id=\"et-iconbox-717\" class=\"et-iconbox layout-centered icon-style-image-default bottom-spacing-none icon-color- text-color- animation bottom-to-top \"> \r\n\t\t<div class=\"et-icon-inner\">\r\n\t\t\t<figure class=\"et-feature-icon\">\r\n\t\t\t\t\t\t\t\t\t<img decoding=\"async\" src=\"https:\/\/www.lacurebeaute.fr\/wp-content\/uploads\/2021\/03\/Creme-Hydratante-et-Apaisante-a-La-Rose-step2.jpg\" alt=\"\" \/>\r\n\t\t\t\t\t\t\t<\/figure>\r\n\t\t\t<div class=\"et-feature-content\"> \r\n\t\t\t\t\t\t\t\t\t\t\t\t<div class=\"wpb_text_column\"><h4 style=\"text-align: center;\">Schritt 2<\/h4>\n<p style=\"text-align: center;\"><span style=\"font-weight: 400;\">Massieren Sie die Creme mit den Fingerspitzen in kreisenden Bewegungen auf Ihrem gesamten Gesicht ein<\/span><\/p>\n<\/div>\r\n\t\t\t\t\t\t\t<\/div>\r\n\t\t<\/div>\r\n\t<\/div>\r\n\r\n\t\r\n\t<div id=\"et-iconbox-977\" class=\"et-iconbox layout-centered icon-style-image-default bottom-spacing-none icon-color- text-color- animation bottom-to-top \"> \r\n\t\t<div class=\"et-icon-inner\">\r\n\t\t\t<figure class=\"et-feature-icon\">\r\n\t\t\t\t\t\t\t\t\t<img decoding=\"async\" src=\"https:\/\/www.lacurebeaute.fr\/wp-content\/uploads\/2021\/03\/Stick-Sos-Cernes-et-Poches-step1.jpg\" alt=\"\" \/>\r\n\t\t\t\t\t\t\t<\/figure>\r\n\t\t\t<div class=\"et-feature-content\"> \r\n\t\t\t\t\t\t\t\t\t\t\t\t<div class=\"wpb_text_column\"><h4 style=\"text-align: center;\">Schritt 3<\/h4>\n<p style=\"text-align: center;\">Verwenden Sie anschlie\u00dfend Ihre Augenkonturpflege<\/p>\n<\/div>\r\n\t\t\t\t\t\t\t<\/div>\r\n\t\t<\/div>\r\n\t<\/div>\r\n\r\n\t\t<\/div>\n\t\t\n\t[\/vc_column][\/vc_row][vc_row css=&#8221;.vc_custom_1653922029444{background-color: #E6DFFB !important;}&#8221; el_class=&#8221;bg-full pink spacing-lg quote&#8221;][vc_column et_column_color=&#8221;et-light-column&#8221; width=&#8221;1\/4&#8243; animation=&#8221;animation bottom-to-top&#8221;]\t<div id=\"et-image-537\" class=\"et-image aligncenter  quote-img  et_image_link\">\n\t\t<div class=\"et-image-inner \">\n\t\t\t\t\t\t\t<div class=\"et-image-thumb \">\n\t\t\t\t\t<img decoding=\"async\" width=\"2560\" height=\"1920\" src=\"https:\/\/www.lacurebeaute.fr\/wp-content\/uploads\/2021\/02\/eva-scaled.jpg\" class=\"attachment-full size-full\" alt=\"Avis\" \/>\t\t\t\t<\/div>\n\t\t\t\t\t\t\t\t\t\t\t<\/div>\n\t<\/div>\n  [\/vc_column][vc_column width=&#8221;3\/4&#8243; animation=&#8221;animation bottom-to-top&#8221; el_class=&#8221;quote-content&#8221;][vc_column_text]<strong>FAZIT DES TEAMS:<\/strong><\/p>\n<p>Da ich t\u00e4glich mit Seeluft und Verschmutzung in Ber\u00fchrung komme, trocknet meine Haut sehr schnell aus. Dank der feuchtigkeitsspendenden und beruhigenden Deep Hydration Rose Face Cream beh\u00e4lt meine Haut ihre ganze Vitalit\u00e4t! Das i-T\u00fcpfelchen: Durch ihre leichte Textur zieht sie im Handumdrehen ein, so dass ich mich sofort danach schminken kann!<\/p>\n<p>Eva &#8211; Unser Vitamin-Content-Sch\u00f6pfer[\/vc_column_text][\/vc_column][\/vc_row]\n","protected":false},"excerpt":{"rendered":"<p>Deep Hydration Rose Face Cream ist Ihre t\u00e4gliche feuchtigkeitsspendende Tagespflege. Die leichte, ultra-frische Textur schmilzt auf der Haut, ohne ein fettiges Finish zu hinterlassen, und l\u00e4sst sie strahlend sch\u00f6n aussehen. Hallo traumhafte Haut!<\/p>\n<div class=\"product-desc-infos\">[acf field='product_description_naturality_title'] \u00b7 92%<br \/>\n[acf field='product_description_skin_title'] \u00b7 Alle Hauttypen<br \/>\n[acf field='product_description_ref_title'] \u00b7 50ml<\/div>\n","protected":false},"featured_media":27295,"comment_status":"closed","ping_status":"closed","template":"","meta":[],"product_cat":[484,489,487,491,490,486],"product_tag":[],"yoast_head":"<!-- This site is optimized with the Yoast SEO plugin v23.5 - https:\/\/yoast.com\/wordpress\/plugins\/seo\/ -->\n<title>Cr\u00e8me Hydratante Visage \u00e0 la Rose<\/title>\n<meta name=\"description\" content=\"La Cr\u00e8me Hydratante et Apaisante \u00e0 la Rose hydrate intens\u00e9ment tous les types de peaux, y compris les plus s\u00e8ches et d\u00e9shydrat\u00e9es.\" \/>\n<meta name=\"robots\" content=\"index, follow, max-snippet:-1, max-image-preview:large, max-video-preview:-1\" \/>\n<link rel=\"canonical\" href=\"https:\/\/www.lacurebeaute.fr\/de\/produit\/deep-hydration-rose-face-cream\/\" \/>\n<meta property=\"og:locale\" content=\"de_DE\" \/>\n<meta property=\"og:type\" content=\"article\" \/>\n<meta property=\"og:title\" content=\"Cr\u00e8me Hydratante Visage \u00e0 la Rose\" \/>\n<meta property=\"og:description\" content=\"La Cr\u00e8me Hydratante et Apaisante \u00e0 la Rose hydrate intens\u00e9ment tous les types de peaux, y compris les plus s\u00e8ches et d\u00e9shydrat\u00e9es.\" \/>\n<meta property=\"og:url\" content=\"https:\/\/www.lacurebeaute.fr\/de\/produit\/deep-hydration-rose-face-cream\/\" \/>\n<meta property=\"og:site_name\" content=\"La Cure Beaut\u00e9\" \/>\n<meta property=\"article:modified_time\" content=\"2025-10-24T07:32:52+00:00\" \/>\n<meta property=\"og:image\" content=\"https:\/\/www.lacurebeaute.fr\/wp-content\/uploads\/2021\/03\/9902NEW-ANG.jpg\" \/>\n\t<meta property=\"og:image:width\" content=\"1357\" \/>\n\t<meta property=\"og:image:height\" content=\"1344\" \/>\n\t<meta property=\"og:image:type\" content=\"image\/jpeg\" \/>\n<meta name=\"twitter:card\" content=\"summary_large_image\" \/>\n<meta name=\"twitter:label1\" content=\"Gesch\u00e4tzte Lesezeit\" \/>\n\t<meta name=\"twitter:data1\" content=\"3\u00a0Minuten\" \/>\n<script type=\"application\/ld+json\" class=\"yoast-schema-graph\">{\"@context\":\"https:\/\/schema.org\",\"@graph\":[{\"@type\":\"WebPage\",\"@id\":\"https:\/\/www.lacurebeaute.fr\/de\/produit\/deep-hydration-rose-face-cream\/\",\"url\":\"https:\/\/www.lacurebeaute.fr\/de\/produit\/deep-hydration-rose-face-cream\/\",\"name\":\"Cr\u00e8me Hydratante Visage \u00e0 la Rose\",\"isPartOf\":{\"@id\":\"https:\/\/www.lacurebeaute.fr\/de\/#website\"},\"primaryImageOfPage\":{\"@id\":\"https:\/\/www.lacurebeaute.fr\/de\/produit\/deep-hydration-rose-face-cream\/#primaryimage\"},\"image\":{\"@id\":\"https:\/\/www.lacurebeaute.fr\/de\/produit\/deep-hydration-rose-face-cream\/#primaryimage\"},\"thumbnailUrl\":\"https:\/\/www.lacurebeaute.fr\/wp-content\/uploads\/2021\/03\/9902-\u2013-2-scaled.png\",\"datePublished\":\"2021-03-09T14:47:56+00:00\",\"dateModified\":\"2025-10-24T07:32:52+00:00\",\"description\":\"La Cr\u00e8me Hydratante et Apaisante \u00e0 la Rose hydrate intens\u00e9ment tous les types de peaux, y compris les plus s\u00e8ches et d\u00e9shydrat\u00e9es.\",\"breadcrumb\":{\"@id\":\"https:\/\/www.lacurebeaute.fr\/de\/produit\/deep-hydration-rose-face-cream\/#breadcrumb\"},\"inLanguage\":\"de\",\"potentialAction\":[{\"@type\":\"ReadAction\",\"target\":[\"https:\/\/www.lacurebeaute.fr\/de\/produit\/deep-hydration-rose-face-cream\/\"]}]},{\"@type\":\"ImageObject\",\"inLanguage\":\"de\",\"@id\":\"https:\/\/www.lacurebeaute.fr\/de\/produit\/deep-hydration-rose-face-cream\/#primaryimage\",\"url\":\"https:\/\/www.lacurebeaute.fr\/wp-content\/uploads\/2021\/03\/9902-\u2013-2-scaled.png\",\"contentUrl\":\"https:\/\/www.lacurebeaute.fr\/wp-content\/uploads\/2021\/03\/9902-\u2013-2-scaled.png\",\"width\":2800,\"height\":2952},{\"@type\":\"BreadcrumbList\",\"@id\":\"https:\/\/www.lacurebeaute.fr\/de\/produit\/deep-hydration-rose-face-cream\/#breadcrumb\",\"itemListElement\":[{\"@type\":\"ListItem\",\"position\":1,\"name\":\"Accueil\",\"item\":\"https:\/\/www.lacurebeaute.fr\/de\/\"},{\"@type\":\"ListItem\",\"position\":2,\"name\":\"Shop\",\"item\":\"https:\/\/www.lacurebeaute.fr\/de\/shop\/\"},{\"@type\":\"ListItem\",\"position\":3,\"name\":\"Deep Hydration Rose Face Cream\"}]},{\"@type\":\"WebSite\",\"@id\":\"https:\/\/www.lacurebeaute.fr\/de\/#website\",\"url\":\"https:\/\/www.lacurebeaute.fr\/de\/\",\"name\":\"La Cure Beaut\u00e9\",\"description\":\"La marque de soins entre copines, naturelle et efficace\",\"potentialAction\":[{\"@type\":\"SearchAction\",\"target\":{\"@type\":\"EntryPoint\",\"urlTemplate\":\"https:\/\/www.lacurebeaute.fr\/de\/?s={search_term_string}\"},\"query-input\":{\"@type\":\"PropertyValueSpecification\",\"valueRequired\":true,\"valueName\":\"search_term_string\"}}],\"inLanguage\":\"de\"}]}<\/script>\n<!-- \/ Yoast SEO plugin. -->","yoast_head_json":{"title":"Cr\u00e8me Hydratante Visage \u00e0 la Rose","description":"La Cr\u00e8me Hydratante et Apaisante \u00e0 la Rose hydrate intens\u00e9ment tous les types de peaux, y compris les plus s\u00e8ches et d\u00e9shydrat\u00e9es.","robots":{"index":"index","follow":"follow","max-snippet":"max-snippet:-1","max-image-preview":"max-image-preview:large","max-video-preview":"max-video-preview:-1"},"canonical":"https:\/\/www.lacurebeaute.fr\/de\/produit\/deep-hydration-rose-face-cream\/","og_locale":"de_DE","og_type":"article","og_title":"Cr\u00e8me Hydratante Visage \u00e0 la Rose","og_description":"La Cr\u00e8me Hydratante et Apaisante \u00e0 la Rose hydrate intens\u00e9ment tous les types de peaux, y compris les plus s\u00e8ches et d\u00e9shydrat\u00e9es.","og_url":"https:\/\/www.lacurebeaute.fr\/de\/produit\/deep-hydration-rose-face-cream\/","og_site_name":"La Cure Beaut\u00e9","article_modified_time":"2025-10-24T07:32:52+00:00","og_image":[{"width":1357,"height":1344,"url":"https:\/\/www.lacurebeaute.fr\/wp-content\/uploads\/2021\/03\/9902NEW-ANG.jpg","type":"image\/jpeg"}],"twitter_card":"summary_large_image","twitter_misc":{"Gesch\u00e4tzte Lesezeit":"3\u00a0Minuten"},"schema":{"@context":"https:\/\/schema.org","@graph":[{"@type":"WebPage","@id":"https:\/\/www.lacurebeaute.fr\/de\/produit\/deep-hydration-rose-face-cream\/","url":"https:\/\/www.lacurebeaute.fr\/de\/produit\/deep-hydration-rose-face-cream\/","name":"Cr\u00e8me Hydratante Visage \u00e0 la Rose","isPartOf":{"@id":"https:\/\/www.lacurebeaute.fr\/de\/#website"},"primaryImageOfPage":{"@id":"https:\/\/www.lacurebeaute.fr\/de\/produit\/deep-hydration-rose-face-cream\/#primaryimage"},"image":{"@id":"https:\/\/www.lacurebeaute.fr\/de\/produit\/deep-hydration-rose-face-cream\/#primaryimage"},"thumbnailUrl":"https:\/\/www.lacurebeaute.fr\/wp-content\/uploads\/2021\/03\/9902-\u2013-2-scaled.png","datePublished":"2021-03-09T14:47:56+00:00","dateModified":"2025-10-24T07:32:52+00:00","description":"La Cr\u00e8me Hydratante et Apaisante \u00e0 la Rose hydrate intens\u00e9ment tous les types de peaux, y compris les plus s\u00e8ches et d\u00e9shydrat\u00e9es.","breadcrumb":{"@id":"https:\/\/www.lacurebeaute.fr\/de\/produit\/deep-hydration-rose-face-cream\/#breadcrumb"},"inLanguage":"de","potentialAction":[{"@type":"ReadAction","target":["https:\/\/www.lacurebeaute.fr\/de\/produit\/deep-hydration-rose-face-cream\/"]}]},{"@type":"ImageObject","inLanguage":"de","@id":"https:\/\/www.lacurebeaute.fr\/de\/produit\/deep-hydration-rose-face-cream\/#primaryimage","url":"https:\/\/www.lacurebeaute.fr\/wp-content\/uploads\/2021\/03\/9902-\u2013-2-scaled.png","contentUrl":"https:\/\/www.lacurebeaute.fr\/wp-content\/uploads\/2021\/03\/9902-\u2013-2-scaled.png","width":2800,"height":2952},{"@type":"BreadcrumbList","@id":"https:\/\/www.lacurebeaute.fr\/de\/produit\/deep-hydration-rose-face-cream\/#breadcrumb","itemListElement":[{"@type":"ListItem","position":1,"name":"Accueil","item":"https:\/\/www.lacurebeaute.fr\/de\/"},{"@type":"ListItem","position":2,"name":"Shop","item":"https:\/\/www.lacurebeaute.fr\/de\/shop\/"},{"@type":"ListItem","position":3,"name":"Deep Hydration Rose Face Cream"}]},{"@type":"WebSite","@id":"https:\/\/www.lacurebeaute.fr\/de\/#website","url":"https:\/\/www.lacurebeaute.fr\/de\/","name":"La Cure Beaut\u00e9","description":"La marque de soins entre copines, naturelle et efficace","potentialAction":[{"@type":"SearchAction","target":{"@type":"EntryPoint","urlTemplate":"https:\/\/www.lacurebeaute.fr\/de\/?s={search_term_string}"},"query-input":{"@type":"PropertyValueSpecification","valueRequired":true,"valueName":"search_term_string"}}],"inLanguage":"de"}]}},"_links":{"self":[{"href":"https:\/\/www.lacurebeaute.fr\/de\/wp-json\/wp\/v2\/product\/17262"}],"collection":[{"href":"https:\/\/www.lacurebeaute.fr\/de\/wp-json\/wp\/v2\/product"}],"about":[{"href":"https:\/\/www.lacurebeaute.fr\/de\/wp-json\/wp\/v2\/types\/product"}],"replies":[{"embeddable":true,"href":"https:\/\/www.lacurebeaute.fr\/de\/wp-json\/wp\/v2\/comments?post=17262"}],"wp:featuredmedia":[{"embeddable":true,"href":"https:\/\/www.lacurebeaute.fr\/de\/wp-json\/wp\/v2\/media\/27295"}],"wp:attachment":[{"href":"https:\/\/www.lacurebeaute.fr\/de\/wp-json\/wp\/v2\/media?parent=17262"}],"wp:term":[{"taxonomy":"product_cat","embeddable":true,"href":"https:\/\/www.lacurebeaute.fr\/de\/wp-json\/wp\/v2\/product_cat?post=17262"},{"taxonomy":"product_tag","embeddable":true,"href":"https:\/\/www.lacurebeaute.fr\/de\/wp-json\/wp\/v2\/product_tag?post=17262"}],"curies":[{"name":"wp","href":"https:\/\/api.w.org\/{rel}","templated":true}]}}