{"id":17297,"date":"2021-02-24T17:01:57","date_gmt":"2021-02-24T16:01:57","guid":{"rendered":"https:\/\/www.lacurebeaute.fr\/produit\/creme-nectar-jeunesse\/"},"modified":"2026-03-27T09:15:14","modified_gmt":"2026-03-27T08:15:14","slug":"royal-jelly-nectar-face-cream","status":"publish","type":"product","link":"https:\/\/www.lacurebeaute.fr\/de\/produit\/royal-jelly-nectar-face-cream\/","title":{"rendered":"Royal Jelly Nectar Face Cream"},"content":{"rendered":"[vc_row et_row_padding=&#8221;true&#8221; css=&#8221;.vc_custom_1653921831974{background-color: #E6DFFB !important;}&#8221; el_class=&#8221;bg-full pink spacing-lg percents&#8221;][vc_column]\t<div id=\"et-content-carousel-352\" class=\"row et-content-carousel slick slick-slider no-padding  \" data-center=\"\" data-columns=\"3\" data-autoplay=\"\" data-fade=\"false\" data-autoplay-speed=\"\" data-pause=\"\" data-navigation=\"\" data-pagination=\"true\" data-infinite=\"true\">\n\t\t[vc_row_inner][vc_column_inner]\n\t<div id=\"et-counter-69f268bd688a2\" class=\"et-counter animation bottom-to-top counter-color-custom icon-color- text-color-custom counter-top\" >\n\t\t\t\t\t<div class=\"counter-container\">\n\t\t\t\t\t\t\t\t\t<div class=\"h1\" data-count=\"100\" data-speed=\"1500\">0<\/div>\n\t\t\t\t\t\t\t\t\t\t\t\t\t<h4>straffere Haut*<\/h4>\n\t\t\t\t\t\t\t<\/div>\n\t\t\t\t\t\t\t\t\t\t<figure>\t\t\t\t\t<span class=\"\"><\/span>\n\t\t\t\t\t\t\t\t\t<\/figure>\n\t\t\t\t\t\t\t\n\t<\/div>\n\t[\/vc_column_inner][\/vc_row_inner][vc_row_inner][vc_column_inner]\n\t<div id=\"et-counter-69f268bd688dd\" class=\"et-counter animation bottom-to-top counter-color-custom icon-color- text-color-custom counter-top\" >\n\t\t\t\t\t<div class=\"counter-container\">\n\t\t\t\t\t\t\t\t\t<div class=\"h1\" data-count=\"100\" data-speed=\"1500\">0<\/div>\n\t\t\t\t\t\t\t\t\t\t\t\t\t<h4>gl\u00e4ttet das Hautbild*<\/h4>\n\t\t\t\t\t\t\t<\/div>\n\t\t\t\t\t\t\t\t\t\t<figure>\t\t\t\t\t<span class=\"\"><\/span>\n\t\t\t\t\t\t\t\t\t<\/figure>\n\t\t\t\t\t\t\t\n\t<\/div>\n\t[\/vc_column_inner][\/vc_row_inner][vc_row_inner][vc_column_inner]\n\t<div id=\"et-counter-69f268bd688f8\" class=\"et-counter animation bottom-to-top counter-color-custom icon-color- text-color-custom counter-top\" >\n\t\t\t\t\t<div class=\"counter-container\">\n\t\t\t\t\t\t\t\t\t<div class=\"h1\" data-count=\"95\" data-speed=\"1500\">0<\/div>\n\t\t\t\t\t\t\t\t\t\t\t\t\t<h4>reduziert das Erscheinungsbild von Falten*<\/h4>\n\t\t\t\t\t\t\t<\/div>\n\t\t\t\t\t\t\t\t\t\t<figure>\t\t\t\t\t<span class=\"\"><\/span>\n\t\t\t\t\t\t\t\t\t<\/figure>\n\t\t\t\t\t\t\t\n\t<\/div>\n\t[\/vc_column_inner][\/vc_row_inner]\t<\/div>\n\t\t\n\t[\/vc_column][\/vc_row][vc_row el_class=&#8221;spacing-lg benefits&#8221;][vc_column width=&#8221;1\/2&#8243; animation=&#8221;animation bottom-to-top&#8221;]\t<div id=\"et-image-865\" class=\"et-image   benefits-img  et_image_link\">\n\t\t<div class=\"et-image-inner \">\n\t\t\t\t\t\t\t<div class=\"et-image-thumb \">\n\t\t\t\t\t<img decoding=\"async\" width=\"1792\" height=\"2168\" src=\"https:\/\/www.lacurebeaute.fr\/wp-content\/uploads\/2021\/02\/9903-\u2013-5.png\" class=\"attachment-full size-full\" alt=\"\" srcset=\"https:\/\/www.lacurebeaute.fr\/wp-content\/uploads\/2021\/02\/9903-\u2013-5.png 1792w, https:\/\/www.lacurebeaute.fr\/wp-content\/uploads\/2021\/02\/9903-\u2013-5-248x300.png 248w, https:\/\/www.lacurebeaute.fr\/wp-content\/uploads\/2021\/02\/9903-\u2013-5-846x1024.png 846w, https:\/\/www.lacurebeaute.fr\/wp-content\/uploads\/2021\/02\/9903-\u2013-5-768x929.png 768w, https:\/\/www.lacurebeaute.fr\/wp-content\/uploads\/2021\/02\/9903-\u2013-5-79x96.png 79w, https:\/\/www.lacurebeaute.fr\/wp-content\/uploads\/2021\/02\/9903-\u2013-5-35x42.png 35w, https:\/\/www.lacurebeaute.fr\/wp-content\/uploads\/2021\/02\/9903-\u2013-5-1270x1536.png 1270w, https:\/\/www.lacurebeaute.fr\/wp-content\/uploads\/2021\/02\/9903-\u2013-5-1693x2048.png 1693w, https:\/\/www.lacurebeaute.fr\/wp-content\/uploads\/2021\/02\/9903-\u2013-5-124x150.png 124w, https:\/\/www.lacurebeaute.fr\/wp-content\/uploads\/2021\/02\/9903-\u2013-5-600x726.png 600w, https:\/\/www.lacurebeaute.fr\/wp-content\/uploads\/2021\/02\/9903-\u2013-5-900x1089.png 900w\" sizes=\"(max-width: 1792px) 100vw, 1792px\" \/>\t\t\t\t<\/div>\n\t\t\t\t\t\t\t\t\t\t\t<\/div>\n\t<\/div>\n  [\/vc_column][vc_column width=&#8221;1\/2&#8243; animation=&#8221;animation bottom-to-top&#8221;][vc_column_text css=&#8221;.vc_custom_1710233051181{margin-bottom: 0px !important;}&#8221;]\n<h3 style=\"text-align: left;\"><label class=\"fancy-tag\">Anti-Falten-Creme<\/label><\/h3>\n<h2>Die Pflege aus dem Bienenstock!<\/h2>\n<p>Die Pflege Nectar de Jeunesse mit ihrer leichten Textur zieht schnell ein und hinterl\u00e4sst einen zarten Schleier auf dem Gesicht. Die Haut ist weich, straffer und die F\u00e4ltchen werden gegl\u00e4ttet. Sie ist eine hervorragende Pflege, um die Epidermis t\u00e4glich zu regenerieren und zu n\u00e4hren, und versorgt Sie mit der Feuchtigkeit und Ausstrahlung, die Ihnen m\u00f6glicherweise fehlen. Ihre Haut wird nicht mehr darauf verzichten wollen!<\/p>\n<p><strong>Besondere Merkmale:<\/strong><\/p>\n<ul>\n<li>Dermatologisch getestet<\/li>\n<\/ul>\n[\/vc_column_text][\/vc_column][\/vc_row][vc_row el_class=&#8221;spacing-lg application&#8221;][vc_column][vc_row_inner][vc_column_inner][vc_column_text animation=&#8221;animation bottom-to-top&#8221; css=&#8221;.vc_custom_1629443460496{margin-bottom: 0px !important;}&#8221;]\n<h3 style=\"text-align: center;\"><label class=\"fancy-tag\">Anwendung<\/label><\/h3>\n<h2 style=\"text-align: center;\">Jeden Morgen<\/h2>\n[\/vc_column_text][\/vc_column_inner][\/vc_row_inner]\t<div id=\"et-content-carousel-213\" class=\"row et-content-carousel slick slick-slider regular-padding  \" data-center=\"\" data-columns=\"3\" data-autoplay=\"\" data-fade=\"false\" data-autoplay-speed=\"\" data-pause=\"\" data-navigation=\"\" data-pagination=\"true\" data-infinite=\"true\">\n\t\t\r\n\t<div id=\"et-iconbox-550\" class=\"et-iconbox layout-centered icon-style-image-default bottom-spacing-none icon-color- text-color- animation bottom-to-top \"> \r\n\t\t<div class=\"et-icon-inner\">\r\n\t\t\t<figure class=\"et-feature-icon\">\r\n\t\t\t\t\t\t\t\t\t<img decoding=\"async\" src=\"https:\/\/www.lacurebeaute.fr\/wp-content\/uploads\/2021\/02\/creme-nectar-de-jeunesse-step1.jpg\" alt=\"\" \/>\r\n\t\t\t\t\t\t\t<\/figure>\r\n\t\t\t<div class=\"et-feature-content\"> \r\n\t\t\t\t\t\t\t\t\t\t\t\t<div class=\"wpb_text_column\"><h4 style=\"text-align: center;\">Schritt 1<\/h4>\n<p style=\"text-align: center;\"><span style=\"font-weight: 400;\">Tragen Sie nach der Reinigung Ihres Gesichts und dem Auftragen eines Serums eine kleine Menge der Royal Jelly Nectar Face Cream auf das gesamte Gesicht auf. Sparen Sie dabei die Augenpartie aus<\/span><\/p>\n<\/div>\r\n\t\t\t\t\t\t\t<\/div>\r\n\t\t<\/div>\r\n\t<\/div>\r\n\r\n\t\r\n\t<div id=\"et-iconbox-73\" class=\"et-iconbox layout-centered icon-style-image-default bottom-spacing-none icon-color- text-color- animation bottom-to-top \"> \r\n\t\t<div class=\"et-icon-inner\">\r\n\t\t\t<figure class=\"et-feature-icon\">\r\n\t\t\t\t\t\t\t\t\t<img decoding=\"async\" src=\"https:\/\/www.lacurebeaute.fr\/wp-content\/uploads\/2021\/03\/Serum-Visage-Hydratation-Anti-age-step3.jpg\" alt=\"\" \/>\r\n\t\t\t\t\t\t\t<\/figure>\r\n\t\t\t<div class=\"et-feature-content\"> \r\n\t\t\t\t\t\t\t\t\t\t\t\t<div class=\"wpb_text_column\"><h4 style=\"text-align: center;\">Schritt 2<\/h4>\n<p style=\"text-align: center;\"><span style=\"font-weight: 400;\">Massieren Sie die Creme mit den Fingerspitzen in kreisenden Bewegungen auf Ihrem gesamten Gesicht ein<\/span><\/p>\n<\/div>\r\n\t\t\t\t\t\t\t<\/div>\r\n\t\t<\/div>\r\n\t<\/div>\r\n\r\n\t\r\n\t<div id=\"et-iconbox-475\" class=\"et-iconbox layout-centered icon-style-image-default bottom-spacing-none icon-color- text-color- animation bottom-to-top \"> \r\n\t\t<div class=\"et-icon-inner\">\r\n\t\t\t<figure class=\"et-feature-icon\">\r\n\t\t\t\t\t\t\t\t\t<img decoding=\"async\" src=\"https:\/\/www.lacurebeaute.fr\/wp-content\/uploads\/2021\/03\/Patchs-Yeux-Hydrogel-Anti-Cernes-step2.jpg\" alt=\"\" \/>\r\n\t\t\t\t\t\t\t<\/figure>\r\n\t\t\t<div class=\"et-feature-content\"> \r\n\t\t\t\t\t\t\t\t\t\t\t\t<div class=\"wpb_text_column\"><h4 style=\"text-align: center;\"><strong>Schritt<\/strong> 3<\/h4>\n<p style=\"text-align: center;\"><span style=\"font-weight: 400;\">Verwenden Sie anschlie\u00dfend Ihre Augenkonturpflege<\/span><\/p>\n<\/div>\r\n\t\t\t\t\t\t\t<\/div>\r\n\t\t<\/div>\r\n\t<\/div>\r\n\r\n\t\t<\/div>\n\t\t\n\t[\/vc_column][\/vc_row][vc_row css=&#8221;.vc_custom_1653922545037{background-color: #E6DFFB !important;}&#8221; el_class=&#8221;bg-full pink spacing-lg quote&#8221;][vc_column et_column_color=&#8221;et-light-column&#8221; width=&#8221;1\/4&#8243; animation=&#8221;animation bottom-to-top&#8221;]\t<div id=\"et-image-791\" class=\"et-image aligncenter  quote-img  et_image_link\">\n\t\t<div class=\"et-image-inner \">\n\t\t\t\t\t\t\t<div class=\"et-image-thumb \">\n\t\t\t\t\t<img decoding=\"async\" width=\"1200\" height=\"1200\" src=\"https:\/\/www.lacurebeaute.fr\/wp-content\/uploads\/2021\/02\/christine-avis.jpg\" class=\"attachment-full size-full\" alt=\"avis christine\" srcset=\"https:\/\/www.lacurebeaute.fr\/wp-content\/uploads\/2021\/02\/christine-avis.jpg 1200w, https:\/\/www.lacurebeaute.fr\/wp-content\/uploads\/2021\/02\/christine-avis-300x300.jpg 300w, https:\/\/www.lacurebeaute.fr\/wp-content\/uploads\/2021\/02\/christine-avis-1024x1024.jpg 1024w, https:\/\/www.lacurebeaute.fr\/wp-content\/uploads\/2021\/02\/christine-avis-150x150.jpg 150w, https:\/\/www.lacurebeaute.fr\/wp-content\/uploads\/2021\/02\/christine-avis-768x768.jpg 768w, https:\/\/www.lacurebeaute.fr\/wp-content\/uploads\/2021\/02\/christine-avis-96x96.jpg 96w, https:\/\/www.lacurebeaute.fr\/wp-content\/uploads\/2021\/02\/christine-avis-42x42.jpg 42w, https:\/\/www.lacurebeaute.fr\/wp-content\/uploads\/2021\/02\/christine-avis-60x60.jpg 60w, https:\/\/www.lacurebeaute.fr\/wp-content\/uploads\/2021\/02\/christine-avis-600x600.jpg 600w, https:\/\/www.lacurebeaute.fr\/wp-content\/uploads\/2021\/02\/christine-avis-900x900.jpg 900w, https:\/\/www.lacurebeaute.fr\/wp-content\/uploads\/2021\/02\/christine-avis-100x100.jpg 100w\" sizes=\"(max-width: 1200px) 100vw, 1200px\" \/>\t\t\t\t<\/div>\n\t\t\t\t\t\t\t\t\t\t\t<\/div>\n\t<\/div>\n  [\/vc_column][vc_column width=&#8221;3\/4&#8243; animation=&#8221;animation bottom-to-top&#8221; el_class=&#8221;quote-content&#8221;][vc_column_text]<strong>FAZIT DES TEAMS:<\/strong><\/p>\n<p>Mein absoluter Favorit aus dem Pflegesortiment! Nach dem Auftragen f\u00fchlt sich meine Haut gesch\u00fctzt, gepflegt und sch\u00f6ner an. Und das sieht man!<\/p>\n<p>Christine &#8211; Unser angehender Influencer[\/vc_column_text][\/vc_column][\/vc_row]\n","protected":false},"excerpt":{"rendered":"<p>Die Zeichen des Alterns \u00fcberwinden!<br \/>\nDie Royal Jelly Nectar Face Cream ist eine hochwertige Anti-Aging-Pflege. Die reichhaltige Creme enth\u00e4lt Gel\u00e9e Royale, Goji-Extrakt und Braunalgen und sorgt f\u00fcr ein intensives Wohlgef\u00fchl. Sie reduziert das Erscheinungsbild von feinen Linien und Falten.<\/p>\n<div class=\"product-desc-infos\">[acf field='product_description_naturality_title'] \u00b7 94.1%<br \/>\n[acf field='product_description_skin_title'] \u00b7 Alle Hauttypen<br \/>\n[acf field='product_description_ref_title'] \u00b7 50ml<\/div>\n","protected":false},"featured_media":27332,"comment_status":"closed","ping_status":"closed","template":"","meta":[],"product_cat":[484,512,489],"product_tag":[],"yoast_head":"<!-- This site is optimized with the Yoast SEO plugin v23.5 - https:\/\/yoast.com\/wordpress\/plugins\/seo\/ -->\n<title>Cr\u00e8me Anti-Rides et Anti-Age Visage | La Cure Beaut\u00e9<\/title>\n<meta name=\"description\" content=\"D\u00e9couvre notre soin Anti-rides ultra-nourrissant, la Cr\u00e8me Nectar de Jeunesse. Formul\u00e9e au Beurre de Karit\u00e9, Gel\u00e9e Royale et Baies de Goji.\" \/>\n<meta name=\"robots\" content=\"index, follow, max-snippet:-1, max-image-preview:large, max-video-preview:-1\" \/>\n<link rel=\"canonical\" href=\"https:\/\/www.lacurebeaute.fr\/de\/produit\/royal-jelly-nectar-face-cream\/\" \/>\n<meta property=\"og:locale\" content=\"de_DE\" \/>\n<meta property=\"og:type\" content=\"article\" \/>\n<meta property=\"og:title\" content=\"Cr\u00e8me Anti-Rides et Anti-Age Visage | La Cure Beaut\u00e9\" \/>\n<meta property=\"og:description\" content=\"D\u00e9couvre notre soin Anti-rides ultra-nourrissant, la Cr\u00e8me Nectar de Jeunesse. Formul\u00e9e au Beurre de Karit\u00e9, Gel\u00e9e Royale et Baies de Goji.\" \/>\n<meta property=\"og:url\" content=\"https:\/\/www.lacurebeaute.fr\/de\/produit\/royal-jelly-nectar-face-cream\/\" \/>\n<meta property=\"og:site_name\" content=\"La Cure Beaut\u00e9\" \/>\n<meta property=\"article:modified_time\" content=\"2026-03-27T08:15:14+00:00\" \/>\n<meta property=\"og:image\" content=\"https:\/\/www.lacurebeaute.fr\/wp-content\/uploads\/2021\/02\/9903-\u2013-3-971x1024.png\" \/>\n\t<meta property=\"og:image:width\" content=\"971\" \/>\n\t<meta property=\"og:image:height\" content=\"1024\" \/>\n\t<meta property=\"og:image:type\" content=\"image\/png\" \/>\n<meta name=\"twitter:card\" content=\"summary_large_image\" \/>\n<meta name=\"twitter:label1\" content=\"Gesch\u00e4tzte Lesezeit\" \/>\n\t<meta name=\"twitter:data1\" content=\"2\u00a0Minuten\" \/>\n<script type=\"application\/ld+json\" class=\"yoast-schema-graph\">{\"@context\":\"https:\/\/schema.org\",\"@graph\":[{\"@type\":\"WebPage\",\"@id\":\"https:\/\/www.lacurebeaute.fr\/de\/produit\/royal-jelly-nectar-face-cream\/\",\"url\":\"https:\/\/www.lacurebeaute.fr\/de\/produit\/royal-jelly-nectar-face-cream\/\",\"name\":\"Cr\u00e8me Anti-Rides et Anti-Age Visage | La Cure Beaut\u00e9\",\"isPartOf\":{\"@id\":\"https:\/\/www.lacurebeaute.fr\/de\/#website\"},\"primaryImageOfPage\":{\"@id\":\"https:\/\/www.lacurebeaute.fr\/de\/produit\/royal-jelly-nectar-face-cream\/#primaryimage\"},\"image\":{\"@id\":\"https:\/\/www.lacurebeaute.fr\/de\/produit\/royal-jelly-nectar-face-cream\/#primaryimage\"},\"thumbnailUrl\":\"https:\/\/www.lacurebeaute.fr\/wp-content\/uploads\/2021\/02\/9903-\u2013-3-scaled.png\",\"datePublished\":\"2021-02-24T16:01:57+00:00\",\"dateModified\":\"2026-03-27T08:15:14+00:00\",\"description\":\"D\u00e9couvre notre soin Anti-rides ultra-nourrissant, la Cr\u00e8me Nectar de Jeunesse. Formul\u00e9e au Beurre de Karit\u00e9, Gel\u00e9e Royale et Baies de Goji.\",\"breadcrumb\":{\"@id\":\"https:\/\/www.lacurebeaute.fr\/de\/produit\/royal-jelly-nectar-face-cream\/#breadcrumb\"},\"inLanguage\":\"de\",\"potentialAction\":[{\"@type\":\"ReadAction\",\"target\":[\"https:\/\/www.lacurebeaute.fr\/de\/produit\/royal-jelly-nectar-face-cream\/\"]}]},{\"@type\":\"ImageObject\",\"inLanguage\":\"de\",\"@id\":\"https:\/\/www.lacurebeaute.fr\/de\/produit\/royal-jelly-nectar-face-cream\/#primaryimage\",\"url\":\"https:\/\/www.lacurebeaute.fr\/wp-content\/uploads\/2021\/02\/9903-\u2013-3-scaled.png\",\"contentUrl\":\"https:\/\/www.lacurebeaute.fr\/wp-content\/uploads\/2021\/02\/9903-\u2013-3-scaled.png\",\"width\":2800,\"height\":2952},{\"@type\":\"BreadcrumbList\",\"@id\":\"https:\/\/www.lacurebeaute.fr\/de\/produit\/royal-jelly-nectar-face-cream\/#breadcrumb\",\"itemListElement\":[{\"@type\":\"ListItem\",\"position\":1,\"name\":\"Accueil\",\"item\":\"https:\/\/www.lacurebeaute.fr\/de\/\"},{\"@type\":\"ListItem\",\"position\":2,\"name\":\"Shop\",\"item\":\"https:\/\/www.lacurebeaute.fr\/de\/shop\/\"},{\"@type\":\"ListItem\",\"position\":3,\"name\":\"Royal Jelly Nectar Face Cream\"}]},{\"@type\":\"WebSite\",\"@id\":\"https:\/\/www.lacurebeaute.fr\/de\/#website\",\"url\":\"https:\/\/www.lacurebeaute.fr\/de\/\",\"name\":\"La Cure Beaut\u00e9\",\"description\":\"La marque de soins entre copines, naturelle et efficace\",\"potentialAction\":[{\"@type\":\"SearchAction\",\"target\":{\"@type\":\"EntryPoint\",\"urlTemplate\":\"https:\/\/www.lacurebeaute.fr\/de\/?s={search_term_string}\"},\"query-input\":{\"@type\":\"PropertyValueSpecification\",\"valueRequired\":true,\"valueName\":\"search_term_string\"}}],\"inLanguage\":\"de\"}]}<\/script>\n<!-- \/ Yoast SEO plugin. -->","yoast_head_json":{"title":"Cr\u00e8me Anti-Rides et Anti-Age Visage | La Cure Beaut\u00e9","description":"D\u00e9couvre notre soin Anti-rides ultra-nourrissant, la Cr\u00e8me Nectar de Jeunesse. Formul\u00e9e au Beurre de Karit\u00e9, Gel\u00e9e Royale et Baies de Goji.","robots":{"index":"index","follow":"follow","max-snippet":"max-snippet:-1","max-image-preview":"max-image-preview:large","max-video-preview":"max-video-preview:-1"},"canonical":"https:\/\/www.lacurebeaute.fr\/de\/produit\/royal-jelly-nectar-face-cream\/","og_locale":"de_DE","og_type":"article","og_title":"Cr\u00e8me Anti-Rides et Anti-Age Visage | La Cure Beaut\u00e9","og_description":"D\u00e9couvre notre soin Anti-rides ultra-nourrissant, la Cr\u00e8me Nectar de Jeunesse. Formul\u00e9e au Beurre de Karit\u00e9, Gel\u00e9e Royale et Baies de Goji.","og_url":"https:\/\/www.lacurebeaute.fr\/de\/produit\/royal-jelly-nectar-face-cream\/","og_site_name":"La Cure Beaut\u00e9","article_modified_time":"2026-03-27T08:15:14+00:00","og_image":[{"width":971,"height":1024,"url":"https:\/\/www.lacurebeaute.fr\/wp-content\/uploads\/2021\/02\/9903-\u2013-3-971x1024.png","type":"image\/png"}],"twitter_card":"summary_large_image","twitter_misc":{"Gesch\u00e4tzte Lesezeit":"2\u00a0Minuten"},"schema":{"@context":"https:\/\/schema.org","@graph":[{"@type":"WebPage","@id":"https:\/\/www.lacurebeaute.fr\/de\/produit\/royal-jelly-nectar-face-cream\/","url":"https:\/\/www.lacurebeaute.fr\/de\/produit\/royal-jelly-nectar-face-cream\/","name":"Cr\u00e8me Anti-Rides et Anti-Age Visage | La Cure Beaut\u00e9","isPartOf":{"@id":"https:\/\/www.lacurebeaute.fr\/de\/#website"},"primaryImageOfPage":{"@id":"https:\/\/www.lacurebeaute.fr\/de\/produit\/royal-jelly-nectar-face-cream\/#primaryimage"},"image":{"@id":"https:\/\/www.lacurebeaute.fr\/de\/produit\/royal-jelly-nectar-face-cream\/#primaryimage"},"thumbnailUrl":"https:\/\/www.lacurebeaute.fr\/wp-content\/uploads\/2021\/02\/9903-\u2013-3-scaled.png","datePublished":"2021-02-24T16:01:57+00:00","dateModified":"2026-03-27T08:15:14+00:00","description":"D\u00e9couvre notre soin Anti-rides ultra-nourrissant, la Cr\u00e8me Nectar de Jeunesse. Formul\u00e9e au Beurre de Karit\u00e9, Gel\u00e9e Royale et Baies de Goji.","breadcrumb":{"@id":"https:\/\/www.lacurebeaute.fr\/de\/produit\/royal-jelly-nectar-face-cream\/#breadcrumb"},"inLanguage":"de","potentialAction":[{"@type":"ReadAction","target":["https:\/\/www.lacurebeaute.fr\/de\/produit\/royal-jelly-nectar-face-cream\/"]}]},{"@type":"ImageObject","inLanguage":"de","@id":"https:\/\/www.lacurebeaute.fr\/de\/produit\/royal-jelly-nectar-face-cream\/#primaryimage","url":"https:\/\/www.lacurebeaute.fr\/wp-content\/uploads\/2021\/02\/9903-\u2013-3-scaled.png","contentUrl":"https:\/\/www.lacurebeaute.fr\/wp-content\/uploads\/2021\/02\/9903-\u2013-3-scaled.png","width":2800,"height":2952},{"@type":"BreadcrumbList","@id":"https:\/\/www.lacurebeaute.fr\/de\/produit\/royal-jelly-nectar-face-cream\/#breadcrumb","itemListElement":[{"@type":"ListItem","position":1,"name":"Accueil","item":"https:\/\/www.lacurebeaute.fr\/de\/"},{"@type":"ListItem","position":2,"name":"Shop","item":"https:\/\/www.lacurebeaute.fr\/de\/shop\/"},{"@type":"ListItem","position":3,"name":"Royal Jelly Nectar Face Cream"}]},{"@type":"WebSite","@id":"https:\/\/www.lacurebeaute.fr\/de\/#website","url":"https:\/\/www.lacurebeaute.fr\/de\/","name":"La Cure Beaut\u00e9","description":"La marque de soins entre copines, naturelle et efficace","potentialAction":[{"@type":"SearchAction","target":{"@type":"EntryPoint","urlTemplate":"https:\/\/www.lacurebeaute.fr\/de\/?s={search_term_string}"},"query-input":{"@type":"PropertyValueSpecification","valueRequired":true,"valueName":"search_term_string"}}],"inLanguage":"de"}]}},"_links":{"self":[{"href":"https:\/\/www.lacurebeaute.fr\/de\/wp-json\/wp\/v2\/product\/17297"}],"collection":[{"href":"https:\/\/www.lacurebeaute.fr\/de\/wp-json\/wp\/v2\/product"}],"about":[{"href":"https:\/\/www.lacurebeaute.fr\/de\/wp-json\/wp\/v2\/types\/product"}],"replies":[{"embeddable":true,"href":"https:\/\/www.lacurebeaute.fr\/de\/wp-json\/wp\/v2\/comments?post=17297"}],"wp:featuredmedia":[{"embeddable":true,"href":"https:\/\/www.lacurebeaute.fr\/de\/wp-json\/wp\/v2\/media\/27332"}],"wp:attachment":[{"href":"https:\/\/www.lacurebeaute.fr\/de\/wp-json\/wp\/v2\/media?parent=17297"}],"wp:term":[{"taxonomy":"product_cat","embeddable":true,"href":"https:\/\/www.lacurebeaute.fr\/de\/wp-json\/wp\/v2\/product_cat?post=17297"},{"taxonomy":"product_tag","embeddable":true,"href":"https:\/\/www.lacurebeaute.fr\/de\/wp-json\/wp\/v2\/product_tag?post=17297"}],"curies":[{"name":"wp","href":"https:\/\/api.w.org\/{rel}","templated":true}]}}