{"id":17375,"date":"2021-03-10T10:05:12","date_gmt":"2021-03-10T09:05:12","guid":{"rendered":"https:\/\/www.lacurebeaute.fr\/produit\/masque-noir-detox-visage\/"},"modified":"2026-01-22T08:39:11","modified_gmt":"2026-01-22T07:39:11","slug":"black-thermal-face-mask","status":"publish","type":"product","link":"https:\/\/www.lacurebeaute.fr\/de\/produit\/black-thermal-face-mask\/","title":{"rendered":"Black Thermal Face Mask"},"content":{"rendered":"[vc_row et_row_padding=&#8221;true&#8221; css=&#8221;.vc_custom_1653920831185{background-color: #E6DFFB !important;}&#8221; el_class=&#8221;bg-full pink spacing-lg percents&#8221;][vc_column]\t<div id=\"et-content-carousel-524\" class=\"row et-content-carousel slick slick-slider no-padding  \" data-center=\"\" data-columns=\"3\" data-autoplay=\"\" data-fade=\"false\" data-autoplay-speed=\"\" data-pause=\"\" data-navigation=\"\" data-pagination=\"true\" data-infinite=\"true\">\n\t\t[vc_row_inner][vc_column_inner]\n\t<div id=\"et-counter-69f0c99d40a0f\" class=\"et-counter animation bottom-to-top counter-color-custom icon-color- text-color-custom counter-top\" >\n\t\t\t\t\t<div class=\"counter-container\">\n\t\t\t\t\t\t\t\t\t<div class=\"h1\" data-count=\"100\" data-speed=\"1500\">0<\/div>\n\t\t\t\t\t\t\t\t\t\t\t\t\t<h4>weniger fettige Haut*<\/h4>\n\t\t\t\t\t\t\t<\/div>\n\t\t\t\t\t\t\t\t\t\t<figure>\t\t\t\t\t<span class=\"\"><\/span>\n\t\t\t\t\t\t\t\t\t<\/figure>\n\t\t\t\t\t\t\t\n\t<\/div>\n\t[\/vc_column_inner][\/vc_row_inner][vc_row_inner][vc_column_inner]\n\t<div id=\"et-counter-69f0c99d40a46\" class=\"et-counter animation bottom-to-top counter-color-custom icon-color- text-color-custom counter-top\" >\n\t\t\t\t\t<div class=\"counter-container\">\n\t\t\t\t\t\t\t\t\t<div class=\"h1\" data-count=\"100\" data-speed=\"1500\">0<\/div>\n\t\t\t\t\t\t\t\t\t\t\t\t\t<h4>mattierte Haut*<\/h4>\n\t\t\t\t\t\t\t<\/div>\n\t\t\t\t\t\t\t\t\t\t<figure>\t\t\t\t\t<span class=\"\"><\/span>\n\t\t\t\t\t\t\t\t\t<\/figure>\n\t\t\t\t\t\t\t\n\t<\/div>\n\t[\/vc_column_inner][\/vc_row_inner][vc_row_inner][vc_column_inner]\n\t<div id=\"et-counter-69f0c99d40a60\" class=\"et-counter animation bottom-to-top counter-color-custom icon-color- text-color-custom counter-top\" >\n\t\t\t\t\t<div class=\"counter-container\">\n\t\t\t\t\t\t\t\t\t<div class=\"h1\" data-count=\"96\" data-speed=\"1500\">0<\/div>\n\t\t\t\t\t\t\t\t\t\t\t\t\t<h4>frischere Haut*<\/h4>\n\t\t\t\t\t\t\t<\/div>\n\t\t\t\t\t\t\t\t\t\t<figure>\t\t\t\t\t<span class=\"\"><\/span>\n\t\t\t\t\t\t\t\t\t<\/figure>\n\t\t\t\t\t\t\t\n\t<\/div>\n\t[\/vc_column_inner][\/vc_row_inner]\t<\/div>\n\t\t\n\t[\/vc_column][\/vc_row][vc_row el_class=&#8221;spacing-lg benefits&#8221;][vc_column width=&#8221;1\/2&#8243; animation=&#8221;animation bottom-to-top&#8221;]\t<div id=\"et-image-558\" class=\"et-image   benefits-img  et_image_link\">\n\t\t<div class=\"et-image-inner \">\n\t\t\t\t\t\t\t<div class=\"et-image-thumb \">\n\t\t\t\t\t<img decoding=\"async\" width=\"448\" height=\"542\" src=\"https:\/\/www.lacurebeaute.fr\/wp-content\/uploads\/2021\/03\/Masque-Noir-Detox-Visage-4-1.jpg\" class=\"attachment-full size-full\" alt=\"\" srcset=\"https:\/\/www.lacurebeaute.fr\/wp-content\/uploads\/2021\/03\/Masque-Noir-Detox-Visage-4-1.jpg 448w, https:\/\/www.lacurebeaute.fr\/wp-content\/uploads\/2021\/03\/Masque-Noir-Detox-Visage-4-1-248x300.jpg 248w, https:\/\/www.lacurebeaute.fr\/wp-content\/uploads\/2021\/03\/Masque-Noir-Detox-Visage-4-1-79x96.jpg 79w, https:\/\/www.lacurebeaute.fr\/wp-content\/uploads\/2021\/03\/Masque-Noir-Detox-Visage-4-1-35x42.jpg 35w, https:\/\/www.lacurebeaute.fr\/wp-content\/uploads\/2021\/03\/Masque-Noir-Detox-Visage-4-1-124x150.jpg 124w\" sizes=\"(max-width: 448px) 100vw, 448px\" \/>\t\t\t\t<\/div>\n\t\t\t\t\t\t\t\t\t\t\t<\/div>\n\t<\/div>\n  [\/vc_column][vc_column width=&#8221;1\/2&#8243; animation=&#8221;animation bottom-to-top&#8221;][vc_column_text css=&#8221;.vc_custom_1710322601552{margin-bottom: 0px !important;}&#8221;]\n<h3 style=\"text-align: left;\">MATTIERENDE MASKE<\/h3>\n<h2>Die perfekte Maske f\u00fcr eine frische, mattierte Haut!<\/h2>\n<p>Die mit 84,7% Inhaltsstoffen nat\u00fcrlichen Ursprungs formulierte Black Thermal Mask ist eine Multi-Aktions-Pflege, die die Haut mattiert, sie strafft und weniger fettig erscheinen l\u00e4sst, um dem Gesicht seine ganze Ausstrahlung zur\u00fcckzugeben. 1-2 Mal pro Woche auf die gereinigte Haut auftragen, dabei die Augenpartie aussparen. 15 Minuten einwirken lassen und absp\u00fclen.<\/p>\n<p><strong>Besondere Merkmale:<\/strong><\/p>\n<ul>\n<li><span style=\"font-weight: 400;\">VEGAN<\/span><\/li>\n<li>Dermatologisch getestet<\/li>\n<\/ul>\n[\/vc_column_text][\/vc_column][\/vc_row][vc_row disable_element=&#8221;yes&#8221; el_class=&#8221;spacing-lg application&#8221;][vc_column][vc_row_inner][vc_column_inner][vc_column_text animation=&#8221;animation bottom-to-top&#8221; css=&#8221;.vc_custom_1620746398354{margin-bottom: 0px !important;}&#8221;]\n<h3 style=\"text-align: center;\"><label class=\"fancy-tag\">Application<\/label><\/h3>\n<h2 style=\"text-align: center;\">Une \u00e0 Deux fois par Semaine<\/h2>\n[\/vc_column_text][\/vc_column_inner][\/vc_row_inner]\t<div id=\"et-content-carousel-577\" class=\"row et-content-carousel slick slick-slider regular-padding  \" data-center=\"\" data-columns=\"3\" data-autoplay=\"\" data-fade=\"false\" data-autoplay-speed=\"\" data-pause=\"\" data-navigation=\"\" data-pagination=\"true\" data-infinite=\"true\">\n\t\t\r\n\t<div id=\"et-iconbox-791\" class=\"et-iconbox layout-centered icon-style-image-default bottom-spacing-none icon-color- text-color- animation bottom-to-top \"> \r\n\t\t<div class=\"et-icon-inner\">\r\n\t\t\t<figure class=\"et-feature-icon\">\r\n\t\t\t\t\t\t\t\t\t<img decoding=\"async\" src=\"https:\/\/www.lacurebeaute.fr\/wp-content\/uploads\/2021\/02\/nettoyer-2.jpg\" alt=\"\" \/>\r\n\t\t\t\t\t\t\t<\/figure>\r\n\t\t\t<div class=\"et-feature-content\"> \r\n\t\t\t\t\t\t\t\t\t\t\t\t<div class=\"wpb_text_column\"><h4 style=\"text-align: center;\">\u00c9tape 1<\/h4>\n<p style=\"text-align: center;\"><span style=\"font-weight: 400;\">Apr\u00e8s avoir <a href=\"\/?product_cat=nettoyants-de\">nettoy\u00e9<\/a> ta peau, applique ton masque en couche \u00e9paisse sur l\u2019ensemble du visage ou sur la zone T.\u00a0 \u00c9vite le contour des yeux.<\/span><\/p>\n<\/div>\r\n\t\t\t\t\t\t\t<\/div>\r\n\t\t<\/div>\r\n\t<\/div>\r\n\r\n\t\r\n\t<div id=\"et-iconbox-48\" class=\"et-iconbox layout-centered icon-style-image-default bottom-spacing-none icon-color- text-color- animation bottom-to-top \"> \r\n\t\t<div class=\"et-icon-inner\">\r\n\t\t\t<figure class=\"et-feature-icon\">\r\n\t\t\t\t\t\t\t\t\t<img decoding=\"async\" src=\"https:\/\/www.lacurebeaute.fr\/wp-content\/uploads\/2021\/03\/masque-argile.jpg\" alt=\"\" \/>\r\n\t\t\t\t\t\t\t<\/figure>\r\n\t\t\t<div class=\"et-feature-content\"> \r\n\t\t\t\t\t\t\t\t\t\t\t\t<div class=\"wpb_text_column\"><h4 style=\"text-align: center;\">\u00c9tape 2<\/h4>\n<p style=\"text-align: center;\"><span style=\"font-weight: 400;\">Laisse poser 10 \u00e0 15 minutes puis rince abondamment<\/span><\/p>\n<\/div>\r\n\t\t\t\t\t\t\t<\/div>\r\n\t\t<\/div>\r\n\t<\/div>\r\n\r\n\t\r\n\t<div id=\"et-iconbox-87\" class=\"et-iconbox layout-centered icon-style-image-default bottom-spacing-none icon-color- text-color- animation bottom-to-top \"> \r\n\t\t<div class=\"et-icon-inner\">\r\n\t\t\t<figure class=\"et-feature-icon\">\r\n\t\t\t\t\t\t\t\t\t<img decoding=\"async\" src=\"https:\/\/www.lacurebeaute.fr\/wp-content\/uploads\/2021\/03\/creme-5.jpg\" alt=\"\" \/>\r\n\t\t\t\t\t\t\t<\/figure>\r\n\t\t\t<div class=\"et-feature-content\"> \r\n\t\t\t\t\t\t\t\t\t\t\t\t<div class=\"wpb_text_column\"><h4 style=\"text-align: center;\">\u00c9tape 3<\/h4>\n<p style=\"text-align: center;\"><span style=\"font-weight: 400;\">Applique ton <a href=\"\/?product_cat=serums-de\">s\u00e9rum<\/a>, <a href=\"\/?product_cat=hydratation-de\">cr\u00e8me hydratante<\/a> et <a href=\"\/?product_cat=contour-des-yeux-de\">soin contour des yeux<\/a><\/span><\/p>\n<\/div>\r\n\t\t\t\t\t\t\t<\/div>\r\n\t\t<\/div>\r\n\t<\/div>\r\n\r\n\t\t<\/div>\n\t\t\n\t[\/vc_column][\/vc_row][vc_row css=&#8221;.vc_custom_1653920869111{background-color: #E6DFFB !important;}&#8221; el_class=&#8221;bg-full pink spacing-lg quote&#8221;][vc_column et_column_color=&#8221;et-light-column&#8221; width=&#8221;1\/4&#8243; animation=&#8221;animation bottom-to-top&#8221;]\t<div id=\"et-image-948\" class=\"et-image aligncenter  quote-img  et_image_link\">\n\t\t<div class=\"et-image-inner \">\n\t\t\t\t\t\t\t<div class=\"et-image-thumb \">\n\t\t\t\t\t<img decoding=\"async\" width=\"1200\" height=\"1200\" src=\"https:\/\/www.lacurebeaute.fr\/wp-content\/uploads\/2021\/03\/justine.jpg\" class=\"attachment-full size-full\" alt=\"\" srcset=\"https:\/\/www.lacurebeaute.fr\/wp-content\/uploads\/2021\/03\/justine.jpg 1200w, https:\/\/www.lacurebeaute.fr\/wp-content\/uploads\/2021\/03\/justine-300x300.jpg 300w, https:\/\/www.lacurebeaute.fr\/wp-content\/uploads\/2021\/03\/justine-1024x1024.jpg 1024w, https:\/\/www.lacurebeaute.fr\/wp-content\/uploads\/2021\/03\/justine-150x150.jpg 150w, https:\/\/www.lacurebeaute.fr\/wp-content\/uploads\/2021\/03\/justine-768x768.jpg 768w, https:\/\/www.lacurebeaute.fr\/wp-content\/uploads\/2021\/03\/justine-96x96.jpg 96w, https:\/\/www.lacurebeaute.fr\/wp-content\/uploads\/2021\/03\/justine-42x42.jpg 42w, https:\/\/www.lacurebeaute.fr\/wp-content\/uploads\/2021\/03\/justine-600x600.jpg 600w, https:\/\/www.lacurebeaute.fr\/wp-content\/uploads\/2021\/03\/justine-900x900.jpg 900w, https:\/\/www.lacurebeaute.fr\/wp-content\/uploads\/2021\/03\/justine-100x100.jpg 100w\" sizes=\"(max-width: 1200px) 100vw, 1200px\" \/>\t\t\t\t<\/div>\n\t\t\t\t\t\t\t\t\t\t\t<\/div>\n\t<\/div>\n  [\/vc_column][vc_column width=&#8221;3\/4&#8243; animation=&#8221;animation bottom-to-top&#8221; el_class=&#8221;quote-content&#8221;][vc_column_text]<strong>FAZIT DES TEAMS<\/strong><\/p>\n<p>I LOVE IT! Ich verwende die Black Thermal Face Mask jeden Sonntag und meine Haut wird sofort sp\u00fcrbar gereinigt! Schluss mit gl\u00e4nzendem Teint, meine Haut f\u00fchlt sich den ganzen Tag erfrischt und weich an.<\/p>\n<p>Justine \u2013 Unser Zauberformel-Tracker[\/vc_column_text][\/vc_column][\/vc_row]\n","protected":false},"excerpt":{"rendered":"<p>Talg und Unreinheiten k\u00f6nnen die Poren verstopfen und die Haut fettig machen. Unsere Black Thermal Face Mask absorbiert \u00fcbersch\u00fcssigen Talg und verbessert das Erscheinungsbild der Haut, w\u00e4hrend sie ein frisches Gef\u00fchl hinterl\u00e4sst.<\/p>\n<div class=\"product-desc-infos\">[acf field='product_description_naturality_title'] \u00b7 83%<br \/>\n[acf field='product_description_skin_title'] \u00b7 Alle Hauttypen<br \/>\n[acf field='product_description_ref_title'] \u00b7 50ml<\/div>\n","protected":false},"featured_media":28197,"comment_status":"closed","ping_status":"closed","template":"","meta":[],"product_cat":[484,530,485,892,488],"product_tag":[],"yoast_head":"<!-- This site is optimized with the Yoast SEO plugin v23.5 - https:\/\/yoast.com\/wordpress\/plugins\/seo\/ -->\n<title>Black Thermal Face Mask | La Cure Beaut\u00e9<\/title>\n<meta name=\"robots\" content=\"index, follow, max-snippet:-1, max-image-preview:large, max-video-preview:-1\" \/>\n<link rel=\"canonical\" href=\"https:\/\/www.lacurebeaute.fr\/de\/produit\/black-thermal-face-mask\/\" \/>\n<meta property=\"og:locale\" content=\"de_DE\" \/>\n<meta property=\"og:type\" content=\"article\" \/>\n<meta property=\"og:title\" content=\"Black Thermal Face Mask | La Cure Beaut\u00e9\" \/>\n<meta property=\"og:description\" content=\"Talg und Unreinheiten k\u00f6nnen die Poren verstopfen und die Haut fettig machen. Unsere Black Thermal Face Mask absorbiert \u00fcbersch\u00fcssigen Talg und verbessert das Erscheinungsbild der Haut, w\u00e4hrend sie ein frisches Gef\u00fchl hinterl\u00e4sst.  \u00b7 83%  \u00b7 Alle Hauttypen  \u00b7 50ml\" \/>\n<meta property=\"og:url\" content=\"https:\/\/www.lacurebeaute.fr\/de\/produit\/black-thermal-face-mask\/\" \/>\n<meta property=\"og:site_name\" content=\"La Cure Beaut\u00e9\" \/>\n<meta property=\"article:modified_time\" content=\"2026-01-22T07:39:11+00:00\" \/>\n<meta property=\"og:image\" content=\"https:\/\/www.lacurebeaute.fr\/wp-content\/uploads\/2021\/03\/9907-1-971x1024.png\" \/>\n\t<meta property=\"og:image:width\" content=\"971\" \/>\n\t<meta property=\"og:image:height\" content=\"1024\" \/>\n\t<meta property=\"og:image:type\" content=\"image\/png\" \/>\n<meta name=\"twitter:card\" content=\"summary_large_image\" \/>\n<meta name=\"twitter:label1\" content=\"Gesch\u00e4tzte Lesezeit\" \/>\n\t<meta name=\"twitter:data1\" content=\"2\u00a0Minuten\" \/>\n<script type=\"application\/ld+json\" class=\"yoast-schema-graph\">{\"@context\":\"https:\/\/schema.org\",\"@graph\":[{\"@type\":\"WebPage\",\"@id\":\"https:\/\/www.lacurebeaute.fr\/de\/produit\/black-thermal-face-mask\/\",\"url\":\"https:\/\/www.lacurebeaute.fr\/de\/produit\/black-thermal-face-mask\/\",\"name\":\"Black Thermal Face Mask | La Cure Beaut\u00e9\",\"isPartOf\":{\"@id\":\"https:\/\/www.lacurebeaute.fr\/de\/#website\"},\"primaryImageOfPage\":{\"@id\":\"https:\/\/www.lacurebeaute.fr\/de\/produit\/black-thermal-face-mask\/#primaryimage\"},\"image\":{\"@id\":\"https:\/\/www.lacurebeaute.fr\/de\/produit\/black-thermal-face-mask\/#primaryimage\"},\"thumbnailUrl\":\"https:\/\/www.lacurebeaute.fr\/wp-content\/uploads\/2021\/03\/9907-1-scaled.png\",\"datePublished\":\"2021-03-10T09:05:12+00:00\",\"dateModified\":\"2026-01-22T07:39:11+00:00\",\"breadcrumb\":{\"@id\":\"https:\/\/www.lacurebeaute.fr\/de\/produit\/black-thermal-face-mask\/#breadcrumb\"},\"inLanguage\":\"de\",\"potentialAction\":[{\"@type\":\"ReadAction\",\"target\":[\"https:\/\/www.lacurebeaute.fr\/de\/produit\/black-thermal-face-mask\/\"]}]},{\"@type\":\"ImageObject\",\"inLanguage\":\"de\",\"@id\":\"https:\/\/www.lacurebeaute.fr\/de\/produit\/black-thermal-face-mask\/#primaryimage\",\"url\":\"https:\/\/www.lacurebeaute.fr\/wp-content\/uploads\/2021\/03\/9907-1-scaled.png\",\"contentUrl\":\"https:\/\/www.lacurebeaute.fr\/wp-content\/uploads\/2021\/03\/9907-1-scaled.png\",\"width\":2800,\"height\":2952},{\"@type\":\"BreadcrumbList\",\"@id\":\"https:\/\/www.lacurebeaute.fr\/de\/produit\/black-thermal-face-mask\/#breadcrumb\",\"itemListElement\":[{\"@type\":\"ListItem\",\"position\":1,\"name\":\"Accueil\",\"item\":\"https:\/\/www.lacurebeaute.fr\/de\/\"},{\"@type\":\"ListItem\",\"position\":2,\"name\":\"Shop\",\"item\":\"https:\/\/www.lacurebeaute.fr\/de\/shop\/\"},{\"@type\":\"ListItem\",\"position\":3,\"name\":\"Black Thermal Face Mask\"}]},{\"@type\":\"WebSite\",\"@id\":\"https:\/\/www.lacurebeaute.fr\/de\/#website\",\"url\":\"https:\/\/www.lacurebeaute.fr\/de\/\",\"name\":\"La Cure Beaut\u00e9\",\"description\":\"La marque de soins entre copines, naturelle et efficace\",\"potentialAction\":[{\"@type\":\"SearchAction\",\"target\":{\"@type\":\"EntryPoint\",\"urlTemplate\":\"https:\/\/www.lacurebeaute.fr\/de\/?s={search_term_string}\"},\"query-input\":{\"@type\":\"PropertyValueSpecification\",\"valueRequired\":true,\"valueName\":\"search_term_string\"}}],\"inLanguage\":\"de\"}]}<\/script>\n<!-- \/ Yoast SEO plugin. -->","yoast_head_json":{"title":"Black Thermal Face Mask | La Cure Beaut\u00e9","robots":{"index":"index","follow":"follow","max-snippet":"max-snippet:-1","max-image-preview":"max-image-preview:large","max-video-preview":"max-video-preview:-1"},"canonical":"https:\/\/www.lacurebeaute.fr\/de\/produit\/black-thermal-face-mask\/","og_locale":"de_DE","og_type":"article","og_title":"Black Thermal Face Mask | La Cure Beaut\u00e9","og_description":"Talg und Unreinheiten k\u00f6nnen die Poren verstopfen und die Haut fettig machen. Unsere Black Thermal Face Mask absorbiert \u00fcbersch\u00fcssigen Talg und verbessert das Erscheinungsbild der Haut, w\u00e4hrend sie ein frisches Gef\u00fchl hinterl\u00e4sst.  \u00b7 83%  \u00b7 Alle Hauttypen  \u00b7 50ml","og_url":"https:\/\/www.lacurebeaute.fr\/de\/produit\/black-thermal-face-mask\/","og_site_name":"La Cure Beaut\u00e9","article_modified_time":"2026-01-22T07:39:11+00:00","og_image":[{"width":971,"height":1024,"url":"https:\/\/www.lacurebeaute.fr\/wp-content\/uploads\/2021\/03\/9907-1-971x1024.png","type":"image\/png"}],"twitter_card":"summary_large_image","twitter_misc":{"Gesch\u00e4tzte Lesezeit":"2\u00a0Minuten"},"schema":{"@context":"https:\/\/schema.org","@graph":[{"@type":"WebPage","@id":"https:\/\/www.lacurebeaute.fr\/de\/produit\/black-thermal-face-mask\/","url":"https:\/\/www.lacurebeaute.fr\/de\/produit\/black-thermal-face-mask\/","name":"Black Thermal Face Mask | La Cure Beaut\u00e9","isPartOf":{"@id":"https:\/\/www.lacurebeaute.fr\/de\/#website"},"primaryImageOfPage":{"@id":"https:\/\/www.lacurebeaute.fr\/de\/produit\/black-thermal-face-mask\/#primaryimage"},"image":{"@id":"https:\/\/www.lacurebeaute.fr\/de\/produit\/black-thermal-face-mask\/#primaryimage"},"thumbnailUrl":"https:\/\/www.lacurebeaute.fr\/wp-content\/uploads\/2021\/03\/9907-1-scaled.png","datePublished":"2021-03-10T09:05:12+00:00","dateModified":"2026-01-22T07:39:11+00:00","breadcrumb":{"@id":"https:\/\/www.lacurebeaute.fr\/de\/produit\/black-thermal-face-mask\/#breadcrumb"},"inLanguage":"de","potentialAction":[{"@type":"ReadAction","target":["https:\/\/www.lacurebeaute.fr\/de\/produit\/black-thermal-face-mask\/"]}]},{"@type":"ImageObject","inLanguage":"de","@id":"https:\/\/www.lacurebeaute.fr\/de\/produit\/black-thermal-face-mask\/#primaryimage","url":"https:\/\/www.lacurebeaute.fr\/wp-content\/uploads\/2021\/03\/9907-1-scaled.png","contentUrl":"https:\/\/www.lacurebeaute.fr\/wp-content\/uploads\/2021\/03\/9907-1-scaled.png","width":2800,"height":2952},{"@type":"BreadcrumbList","@id":"https:\/\/www.lacurebeaute.fr\/de\/produit\/black-thermal-face-mask\/#breadcrumb","itemListElement":[{"@type":"ListItem","position":1,"name":"Accueil","item":"https:\/\/www.lacurebeaute.fr\/de\/"},{"@type":"ListItem","position":2,"name":"Shop","item":"https:\/\/www.lacurebeaute.fr\/de\/shop\/"},{"@type":"ListItem","position":3,"name":"Black Thermal Face Mask"}]},{"@type":"WebSite","@id":"https:\/\/www.lacurebeaute.fr\/de\/#website","url":"https:\/\/www.lacurebeaute.fr\/de\/","name":"La Cure Beaut\u00e9","description":"La marque de soins entre copines, naturelle et efficace","potentialAction":[{"@type":"SearchAction","target":{"@type":"EntryPoint","urlTemplate":"https:\/\/www.lacurebeaute.fr\/de\/?s={search_term_string}"},"query-input":{"@type":"PropertyValueSpecification","valueRequired":true,"valueName":"search_term_string"}}],"inLanguage":"de"}]}},"_links":{"self":[{"href":"https:\/\/www.lacurebeaute.fr\/de\/wp-json\/wp\/v2\/product\/17375"}],"collection":[{"href":"https:\/\/www.lacurebeaute.fr\/de\/wp-json\/wp\/v2\/product"}],"about":[{"href":"https:\/\/www.lacurebeaute.fr\/de\/wp-json\/wp\/v2\/types\/product"}],"replies":[{"embeddable":true,"href":"https:\/\/www.lacurebeaute.fr\/de\/wp-json\/wp\/v2\/comments?post=17375"}],"wp:featuredmedia":[{"embeddable":true,"href":"https:\/\/www.lacurebeaute.fr\/de\/wp-json\/wp\/v2\/media\/28197"}],"wp:attachment":[{"href":"https:\/\/www.lacurebeaute.fr\/de\/wp-json\/wp\/v2\/media?parent=17375"}],"wp:term":[{"taxonomy":"product_cat","embeddable":true,"href":"https:\/\/www.lacurebeaute.fr\/de\/wp-json\/wp\/v2\/product_cat?post=17375"},{"taxonomy":"product_tag","embeddable":true,"href":"https:\/\/www.lacurebeaute.fr\/de\/wp-json\/wp\/v2\/product_tag?post=17375"}],"curies":[{"name":"wp","href":"https:\/\/api.w.org\/{rel}","templated":true}]}}