{"id":22693,"date":"2022-03-18T08:54:03","date_gmt":"2022-03-18T07:54:03","guid":{"rendered":"https:\/\/www.lacurebeaute.fr\/nos-comprometemos-a\/"},"modified":"2022-03-18T11:32:25","modified_gmt":"2022-03-18T10:32:25","slug":"nos-comprometemos-a","status":"publish","type":"page","link":"https:\/\/www.lacurebeaute.fr\/es\/nos-comprometemos-a\/","title":{"rendered":"Nos comprometemos a"},"content":{"rendered":"[vc_row et_full_width=&#8221;true&#8221; content_placement=&#8221;middle&#8221;][vc_column animation=&#8221;animation bottom-to-top&#8221; offset=&#8221;vc_col-lg-offset-1 vc_col-lg-4 vc_hidden-sm vc_hidden-xs&#8221; css=&#8221;.vc_custom_1647429231339{padding-top: 160px !important;}&#8221;][vc_empty_space height=&#8221;160px&#8221;][\/vc_column][\/vc_row][vc_row et_full_width=&#8221;true&#8221; content_placement=&#8221;middle&#8221; css=&#8221;.vc_custom_1647429689917{padding-bottom: 80px !important;}&#8221;][vc_column animation=&#8221;animation bottom-to-top&#8221; offset=&#8221;vc_col-lg-offset-1 vc_col-lg-4&#8243; css=&#8221;.vc_custom_1647429570949{padding-top: 10px !important;}&#8221;][vc_column_text]\n<h2 style=\"text-align: center;\">The Beauty Cure se compromete a<\/h2>\n<h5 style=\"text-align: center;\">a los actores locales en la protecci\u00f3n del Mar Mediterr\u00e1neo.<\/h5>\n[\/vc_column_text]\t<div id=\"et-image-553\" class=\"et-image     et_image_link\">\n\t\t<div class=\"et-image-inner \">\n\t\t\t\t\t\t\t<div class=\"et-image-thumb \">\n\t\t\t\t\t<img decoding=\"async\" width=\"2303\" height=\"2560\" src=\"https:\/\/www.lacurebeaute.fr\/wp-content\/uploads\/2022\/03\/IMG_20220222_094558-scaled.jpg\" class=\"attachment-full size-full\" alt=\"\" srcset=\"https:\/\/www.lacurebeaute.fr\/wp-content\/uploads\/2022\/03\/IMG_20220222_094558-scaled.jpg 2303w, https:\/\/www.lacurebeaute.fr\/wp-content\/uploads\/2022\/03\/IMG_20220222_094558-270x300.jpg 270w, https:\/\/www.lacurebeaute.fr\/wp-content\/uploads\/2022\/03\/IMG_20220222_094558-921x1024.jpg 921w, https:\/\/www.lacurebeaute.fr\/wp-content\/uploads\/2022\/03\/IMG_20220222_094558-768x854.jpg 768w, https:\/\/www.lacurebeaute.fr\/wp-content\/uploads\/2022\/03\/IMG_20220222_094558-86x96.jpg 86w, https:\/\/www.lacurebeaute.fr\/wp-content\/uploads\/2022\/03\/IMG_20220222_094558-38x42.jpg 38w, https:\/\/www.lacurebeaute.fr\/wp-content\/uploads\/2022\/03\/IMG_20220222_094558-1382x1536.jpg 1382w, https:\/\/www.lacurebeaute.fr\/wp-content\/uploads\/2022\/03\/IMG_20220222_094558-1842x2048.jpg 1842w, https:\/\/www.lacurebeaute.fr\/wp-content\/uploads\/2022\/03\/IMG_20220222_094558-135x150.jpg 135w, https:\/\/www.lacurebeaute.fr\/wp-content\/uploads\/2022\/03\/IMG_20220222_094558-600x667.jpg 600w, https:\/\/www.lacurebeaute.fr\/wp-content\/uploads\/2022\/03\/IMG_20220222_094558-900x1001.jpg 900w\" sizes=\"(max-width: 2303px) 100vw, 2303px\" \/>\t\t\t\t<\/div>\n\t\t\t\t\t\t\t\t\t\t\t<\/div>\n\t<\/div>\n  [\/vc_column][vc_column et_column_color=&#8221;et-light-column&#8221; animation=&#8221;animation top-to-bottom&#8221; offset=&#8221;vc_col-lg-offset-1 vc_col-lg-5 vc_hidden-sm vc_hidden-xs&#8221; css=&#8221;.vc_custom_1647429451516{margin-top: -200px !important;}&#8221;]\r\n\t\t<div class=\"et-banner-69f2180252cdd et-banner content-full  image-type-fluid text-color-light hover-effect hover-zoom \"><img decoding=\"async\" width=\"1745\" height=\"2434\" src=\"https:\/\/www.lacurebeaute.fr\/wp-content\/uploads\/2022\/03\/IMG_9431.jpg\" class=\"attachment-200x500 size-200x500\" alt=\"\" srcset=\"https:\/\/www.lacurebeaute.fr\/wp-content\/uploads\/2022\/03\/IMG_9431.jpg 1745w, https:\/\/www.lacurebeaute.fr\/wp-content\/uploads\/2022\/03\/IMG_9431-215x300.jpg 215w, https:\/\/www.lacurebeaute.fr\/wp-content\/uploads\/2022\/03\/IMG_9431-734x1024.jpg 734w, https:\/\/www.lacurebeaute.fr\/wp-content\/uploads\/2022\/03\/IMG_9431-768x1071.jpg 768w, https:\/\/www.lacurebeaute.fr\/wp-content\/uploads\/2022\/03\/IMG_9431-69x96.jpg 69w, https:\/\/www.lacurebeaute.fr\/wp-content\/uploads\/2022\/03\/IMG_9431-30x42.jpg 30w, https:\/\/www.lacurebeaute.fr\/wp-content\/uploads\/2022\/03\/IMG_9431-1101x1536.jpg 1101w, https:\/\/www.lacurebeaute.fr\/wp-content\/uploads\/2022\/03\/IMG_9431-1468x2048.jpg 1468w, https:\/\/www.lacurebeaute.fr\/wp-content\/uploads\/2022\/03\/IMG_9431-108x150.jpg 108w, https:\/\/www.lacurebeaute.fr\/wp-content\/uploads\/2022\/03\/IMG_9431-600x837.jpg 600w, https:\/\/www.lacurebeaute.fr\/wp-content\/uploads\/2022\/03\/IMG_9431-900x1255.jpg 900w\" sizes=\"(max-width: 1745px) 100vw, 1745px\" \/>\r\n\t\t<\/div>[\/vc_column][\/vc_row][vc_row et_full_width=&#8221;true&#8221; et_row_padding=&#8221;true&#8221; content_placement=&#8221;middle&#8221; css=&#8221;.vc_custom_1647419341883{margin-bottom: 80px !important;padding-top: 80px !important;padding-bottom: 80px !important;background-color: #c6b2ff !important;}&#8221;][vc_column width=&#8221;1\/6&#8243; offset=&#8221;vc_hidden-sm vc_hidden-xs&#8221;][\/vc_column][vc_column width=&#8221;2\/3&#8243; css=&#8221;.vc_custom_1647429757904{padding-right: 10px !important;padding-left: 10px !important;}&#8221;][vc_column_text]\n<h4 style=\"text-align: center; color: #ffffff; font-family: montserrat;\">Le fond bleu 06 es una asociaci\u00f3n de buceadores y patrones que participan en la limpieza de los fondos marinos entre Antibes y Cannes.<\/h4>\n[\/vc_column_text][\/vc_column][vc_column width=&#8221;1\/6&#8243; offset=&#8221;vc_hidden-sm vc_hidden-xs&#8221;][\/vc_column][\/vc_row][vc_row et_full_width=&#8221;true&#8221; content_placement=&#8221;middle&#8221; css=&#8221;.vc_custom_1555550614288{margin-top: 80px !important;margin-bottom: 80px !important;}&#8221; el_class=&#8221;align-center&#8221;][vc_column width=&#8221;1\/2&#8243; css=&#8221;.vc_custom_1647425044407{margin-right: 80px !important;margin-left: 120px !important;}&#8221; offset=&#8221;vc_hidden-sm vc_hidden-xs&#8221;][vc_column_text]\n<h2 style=\"text-align: center;\">Su visi\u00f3n:<\/h2>\n<p style=\"text-align: center;\">Durante sus inmersiones, Jean Jaques y Jean-Claude constataron el considerable empobrecimiento de la biodiversidad del fondo marino debido al aumento de los residuos. Entonces se propusieron la misi\u00f3n de limpiar los fondos marinos de la costa mediterr\u00e1nea. Adem\u00e1s de sus acciones de limpieza, quieren sensibilizar, sobre todo, a los cargos electos.<\/p>\n[\/vc_column_text][\/vc_column][vc_column width=&#8221;1\/2&#8243; offset=&#8221;vc_hidden-sm vc_hidden-xs&#8221;]\t<div id=\"et-image-740\" class=\"et-image     et_image_link\">\n\t\t<div class=\"et-image-inner \">\n\t\t\t\t\t\t\t<div class=\"et-image-thumb \">\n\t\t\t\t\t<img decoding=\"async\" width=\"719\" height=\"480\" src=\"https:\/\/www.lacurebeaute.fr\/wp-content\/uploads\/2022\/03\/IMG-20211227-WA0001.jpg\" class=\"attachment-full size-full\" alt=\"\" srcset=\"https:\/\/www.lacurebeaute.fr\/wp-content\/uploads\/2022\/03\/IMG-20211227-WA0001.jpg 719w, https:\/\/www.lacurebeaute.fr\/wp-content\/uploads\/2022\/03\/IMG-20211227-WA0001-300x200.jpg 300w, https:\/\/www.lacurebeaute.fr\/wp-content\/uploads\/2022\/03\/IMG-20211227-WA0001-96x64.jpg 96w, https:\/\/www.lacurebeaute.fr\/wp-content\/uploads\/2022\/03\/IMG-20211227-WA0001-42x28.jpg 42w, https:\/\/www.lacurebeaute.fr\/wp-content\/uploads\/2022\/03\/IMG-20211227-WA0001-150x100.jpg 150w, https:\/\/www.lacurebeaute.fr\/wp-content\/uploads\/2022\/03\/IMG-20211227-WA0001-600x401.jpg 600w\" sizes=\"(max-width: 719px) 100vw, 719px\" \/>\t\t\t\t<\/div>\n\t\t\t\t\t\t\t\t\t\t\t<\/div>\n\t<\/div>\n  [\/vc_column][\/vc_row][vc_row et_full_width=&#8221;true&#8221; content_placement=&#8221;middle&#8221; css=&#8221;.vc_custom_1555550614288{margin-top: 80px !important;margin-bottom: 80px !important;}&#8221; el_class=&#8221;align-center&#8221;][vc_column offset=&#8221;vc_hidden-lg vc_hidden-md&#8221;]\t<div id=\"et-image-746\" class=\"et-image     et_image_link\">\n\t\t<div class=\"et-image-inner \">\n\t\t\t\t\t\t\t<div class=\"et-image-thumb \">\n\t\t\t\t\t<img decoding=\"async\" width=\"719\" height=\"480\" src=\"https:\/\/www.lacurebeaute.fr\/wp-content\/uploads\/2022\/03\/IMG-20211227-WA0001.jpg\" class=\"attachment-full size-full\" alt=\"\" srcset=\"https:\/\/www.lacurebeaute.fr\/wp-content\/uploads\/2022\/03\/IMG-20211227-WA0001.jpg 719w, https:\/\/www.lacurebeaute.fr\/wp-content\/uploads\/2022\/03\/IMG-20211227-WA0001-300x200.jpg 300w, https:\/\/www.lacurebeaute.fr\/wp-content\/uploads\/2022\/03\/IMG-20211227-WA0001-96x64.jpg 96w, https:\/\/www.lacurebeaute.fr\/wp-content\/uploads\/2022\/03\/IMG-20211227-WA0001-42x28.jpg 42w, https:\/\/www.lacurebeaute.fr\/wp-content\/uploads\/2022\/03\/IMG-20211227-WA0001-150x100.jpg 150w, https:\/\/www.lacurebeaute.fr\/wp-content\/uploads\/2022\/03\/IMG-20211227-WA0001-600x401.jpg 600w\" sizes=\"(max-width: 719px) 100vw, 719px\" \/>\t\t\t\t<\/div>\n\t\t\t\t\t\t\t\t\t\t\t<\/div>\n\t<\/div>\n  [vc_column_text css=&#8221;.vc_custom_1647430313572{padding-top: 20px !important;}&#8221;]\n<h2 style=\"text-align: center;\">Su visi\u00f3n:<\/h2>\n<p style=\"text-align: center;\">Durante sus inmersiones, Jean Jaques y Jean-Claude constataron el considerable empobrecimiento de la biodiversidad del fondo marino debido al aumento de los residuos. Entonces se propusieron la misi\u00f3n de limpiar los fondos marinos de la costa mediterr\u00e1nea. Adem\u00e1s de sus acciones de limpieza, quieren sensibilizar, sobre todo, a los cargos electos.<\/p>\n[\/vc_column_text][\/vc_column][\/vc_row][vc_row et_full_width=&#8221;true&#8221; content_placement=&#8221;middle&#8221; css=&#8221;.vc_custom_1555550614288{margin-top: 80px !important;margin-bottom: 80px !important;}&#8221; el_class=&#8221;align-center&#8221;][vc_column width=&#8221;1\/2&#8243; offset=&#8221;vc_hidden-sm vc_hidden-xs&#8221;]\t<div id=\"et-image-656\" class=\"et-image aligncenter    et_image_link\">\n\t\t<div class=\"et-image-inner \">\n\t\t\t\t\t\t\t<div class=\"et-image-thumb \">\n\t\t\t\t\t<img decoding=\"async\" width=\"640\" height=\"480\" src=\"https:\/\/www.lacurebeaute.fr\/wp-content\/uploads\/2022\/03\/IMG-20211227-WA0003resize.jpg\" class=\"attachment-full size-full\" alt=\"\" srcset=\"https:\/\/www.lacurebeaute.fr\/wp-content\/uploads\/2022\/03\/IMG-20211227-WA0003resize.jpg 640w, https:\/\/www.lacurebeaute.fr\/wp-content\/uploads\/2022\/03\/IMG-20211227-WA0003resize-300x225.jpg 300w, https:\/\/www.lacurebeaute.fr\/wp-content\/uploads\/2022\/03\/IMG-20211227-WA0003resize-96x72.jpg 96w, https:\/\/www.lacurebeaute.fr\/wp-content\/uploads\/2022\/03\/IMG-20211227-WA0003resize-42x32.jpg 42w, https:\/\/www.lacurebeaute.fr\/wp-content\/uploads\/2022\/03\/IMG-20211227-WA0003resize-150x113.jpg 150w, https:\/\/www.lacurebeaute.fr\/wp-content\/uploads\/2022\/03\/IMG-20211227-WA0003resize-600x450.jpg 600w\" sizes=\"(max-width: 640px) 100vw, 640px\" \/>\t\t\t\t<\/div>\n\t\t\t\t\t\t\t\t\t\t\t<\/div>\n\t<\/div>\n  [\/vc_column][vc_column width=&#8221;1\/2&#8243; css=&#8221;.vc_custom_1647425068924{margin-right: 250px !important;}&#8221; offset=&#8221;vc_hidden-sm vc_hidden-xs&#8221;][vc_column_text]\n<h2 style=\"text-align: center;\">Sus acciones:<\/h2>\n<p style=\"text-align: center;\">B\u00fasqueda de basura \/ Limpieza del fondo marino local cada semana.<\/p>\n<p style=\"text-align: center;\">Campa\u00f1as de sensibilizaci\u00f3n para los escolares sobre los problemas relacionados con la contaminaci\u00f3n de los fondos marinos.<\/p>\n[\/vc_column_text][\/vc_column][\/vc_row][vc_row et_full_width=&#8221;true&#8221; content_placement=&#8221;middle&#8221; css=&#8221;.vc_custom_1555550614288{margin-top: 80px !important;margin-bottom: 80px !important;}&#8221; el_class=&#8221;align-center&#8221;][vc_column offset=&#8221;vc_hidden-lg vc_hidden-md&#8221;]\t<div id=\"et-image-697\" class=\"et-image aligncenter    et_image_link\">\n\t\t<div class=\"et-image-inner \">\n\t\t\t\t\t\t\t<div class=\"et-image-thumb \">\n\t\t\t\t\t<img decoding=\"async\" width=\"640\" height=\"480\" src=\"https:\/\/www.lacurebeaute.fr\/wp-content\/uploads\/2022\/03\/IMG-20211227-WA0003resize.jpg\" class=\"attachment-full size-full\" alt=\"\" srcset=\"https:\/\/www.lacurebeaute.fr\/wp-content\/uploads\/2022\/03\/IMG-20211227-WA0003resize.jpg 640w, https:\/\/www.lacurebeaute.fr\/wp-content\/uploads\/2022\/03\/IMG-20211227-WA0003resize-300x225.jpg 300w, https:\/\/www.lacurebeaute.fr\/wp-content\/uploads\/2022\/03\/IMG-20211227-WA0003resize-96x72.jpg 96w, https:\/\/www.lacurebeaute.fr\/wp-content\/uploads\/2022\/03\/IMG-20211227-WA0003resize-42x32.jpg 42w, https:\/\/www.lacurebeaute.fr\/wp-content\/uploads\/2022\/03\/IMG-20211227-WA0003resize-150x113.jpg 150w, https:\/\/www.lacurebeaute.fr\/wp-content\/uploads\/2022\/03\/IMG-20211227-WA0003resize-600x450.jpg 600w\" sizes=\"(max-width: 640px) 100vw, 640px\" \/>\t\t\t\t<\/div>\n\t\t\t\t\t\t\t\t\t\t\t<\/div>\n\t<\/div>\n  [vc_column_text css=&#8221;.vc_custom_1647430327209{padding-top: 20px !important;}&#8221;]\n<h2 style=\"text-align: center;\">Sus acciones:<\/h2>\n<p style=\"text-align: center;\">B\u00fasqueda de basura \/ Limpieza del fondo marino local cada semana.<\/p>\n<p style=\"text-align: center;\">Campa\u00f1as de sensibilizaci\u00f3n para los escolares sobre los problemas relacionados con la contaminaci\u00f3n de los fondos marinos.<\/p>\n[\/vc_column_text][\/vc_column][\/vc_row][vc_row et_full_width=&#8221;true&#8221; et_row_padding=&#8221;true&#8221; content_placement=&#8221;middle&#8221; css=&#8221;.vc_custom_1647424569400{background-color: #c6b2ff !important;}&#8221;][vc_column animation=&#8221;animation left-to-right&#8221; offset=&#8221;vc_col-lg-6&#8243;]\t<div id=\"et-image-824\" class=\"et-image     et_image_link\">\n\t\t<div class=\"et-image-inner \">\n\t\t\t\t\t\t\t<div class=\"et-image-thumb \">\n\t\t\t\t\t<img decoding=\"async\" width=\"719\" height=\"480\" src=\"https:\/\/www.lacurebeaute.fr\/wp-content\/uploads\/2022\/03\/IMG-20211227-WA0002.jpg\" class=\"attachment-full size-full\" alt=\"\" srcset=\"https:\/\/www.lacurebeaute.fr\/wp-content\/uploads\/2022\/03\/IMG-20211227-WA0002.jpg 719w, https:\/\/www.lacurebeaute.fr\/wp-content\/uploads\/2022\/03\/IMG-20211227-WA0002-300x200.jpg 300w, https:\/\/www.lacurebeaute.fr\/wp-content\/uploads\/2022\/03\/IMG-20211227-WA0002-96x64.jpg 96w, https:\/\/www.lacurebeaute.fr\/wp-content\/uploads\/2022\/03\/IMG-20211227-WA0002-42x28.jpg 42w, https:\/\/www.lacurebeaute.fr\/wp-content\/uploads\/2022\/03\/IMG-20211227-WA0002-150x100.jpg 150w, https:\/\/www.lacurebeaute.fr\/wp-content\/uploads\/2022\/03\/IMG-20211227-WA0002-600x401.jpg 600w\" sizes=\"(max-width: 719px) 100vw, 719px\" \/>\t\t\t\t<\/div>\n\t\t\t\t\t\t\t\t\t\t\t<\/div>\n\t<\/div>\n  [\/vc_column][vc_column et_column_color=&#8221;et-light-column&#8221; animation=&#8221;animation right-to-left&#8221; offset=&#8221;vc_col-lg-offset-1 vc_col-lg-3&#8243; css=&#8221;.vc_custom_1647430367736{padding-top: 95px !important;padding-bottom: 95px !important;}&#8221;][vc_column_text]\n<h2 style=\"text-align: center;\">&#8220;Amamos lo que nos maravilla y protegemos lo que amamos&#8221;.<\/h2>\n<p style=\"text-align: center;\">Jacques-Yves Cousteau<\/p>\n[\/vc_column_text][\/vc_column][\/vc_row]\n","protected":false},"excerpt":{"rendered":"<p>[vc_row et_full_width=&#8221;true&#8221; content_placement=&#8221;middle&#8221;][vc_column animation=&#8221;animation bottom-to-top&#8221; offset=&#8221;vc_col-lg-offset-1 vc_col-lg-4 vc_hidden-sm vc_hidden-xs&#8221; css=&#8221;.vc_custom_1647429231339{padding-top: 160px !important;}&#8221;][vc_empty_space height=&#8221;160px&#8221;][\/vc_column][\/vc_row][vc_row et_full_width=&#8221;true&#8221; content_placement=&#8221;middle&#8221; css=&#8221;.vc_custom_1647429689917{padding-bottom: 80px !important;}&#8221;][vc_column animation=&#8221;animation bottom-to-top&#8221; offset=&#8221;vc_col-lg-offset-1 vc_col-lg-4&#8243; css=&#8221;.vc_custom_1647429570949{padding-top: 10px !important;}&#8221;][vc_column_text] The Beauty Cure se compromete a a los actores locales en la protecci\u00f3n del Mar Mediterr\u00e1neo. [\/vc_column_text][\/vc_column][vc_column et_column_color=&#8221;et-light-column&#8221; animation=&#8221;animation top-to-bottom&#8221; offset=&#8221;vc_col-lg-offset-1 vc_col-lg-5 vc_hidden-sm vc_hidden-xs&#8221; css=&#8221;.vc_custom_1647429451516{margin-top:&hellip;<\/p>\n","protected":false},"author":35,"featured_media":0,"parent":0,"menu_order":0,"comment_status":"closed","ping_status":"closed","template":"","meta":{"footnotes":""},"yoast_head":"<!-- This site is optimized with the Yoast SEO plugin v23.5 - https:\/\/yoast.com\/wordpress\/plugins\/seo\/ -->\n<title>Nos comprometemos a - La Cure Beaut\u00e9<\/title>\n<meta name=\"robots\" content=\"index, follow, max-snippet:-1, max-image-preview:large, max-video-preview:-1\" \/>\n<link rel=\"canonical\" href=\"https:\/\/www.lacurebeaute.fr\/es\/nos-comprometemos-a\/\" \/>\n<meta property=\"og:locale\" content=\"es_ES\" \/>\n<meta property=\"og:type\" content=\"article\" \/>\n<meta property=\"og:title\" content=\"Nos comprometemos a - La Cure Beaut\u00e9\" \/>\n<meta property=\"og:description\" content=\"[vc_row et_full_width=&#8221;true&#8221; content_placement=&#8221;middle&#8221;][vc_column animation=&#8221;animation bottom-to-top&#8221; offset=&#8221;vc_col-lg-offset-1 vc_col-lg-4 vc_hidden-sm vc_hidden-xs&#8221; css=&#8221;.vc_custom_1647429231339{padding-top: 160px !important;}&#8221;][vc_empty_space height=&#8221;160px&#8221;][\/vc_column][\/vc_row][vc_row et_full_width=&#8221;true&#8221; content_placement=&#8221;middle&#8221; css=&#8221;.vc_custom_1647429689917{padding-bottom: 80px !important;}&#8221;][vc_column animation=&#8221;animation bottom-to-top&#8221; offset=&#8221;vc_col-lg-offset-1 vc_col-lg-4&#8243; css=&#8221;.vc_custom_1647429570949{padding-top: 10px !important;}&#8221;][vc_column_text] The Beauty Cure se compromete a a los actores locales en la protecci\u00f3n del Mar Mediterr\u00e1neo. [\/vc_column_text][\/vc_column][vc_column et_column_color=&#8221;et-light-column&#8221; animation=&#8221;animation top-to-bottom&#8221; offset=&#8221;vc_col-lg-offset-1 vc_col-lg-5 vc_hidden-sm vc_hidden-xs&#8221; css=&#8221;.vc_custom_1647429451516{margin-top:&hellip;\" \/>\n<meta property=\"og:url\" content=\"https:\/\/www.lacurebeaute.fr\/es\/nos-comprometemos-a\/\" \/>\n<meta property=\"og:site_name\" content=\"La Cure Beaut\u00e9\" \/>\n<meta property=\"article:modified_time\" content=\"2022-03-18T10:32:25+00:00\" \/>\n<meta name=\"twitter:card\" content=\"summary_large_image\" \/>\n<meta name=\"twitter:label1\" content=\"Tiempo de lectura\" \/>\n\t<meta name=\"twitter:data1\" content=\"4 minutos\" \/>\n<script type=\"application\/ld+json\" class=\"yoast-schema-graph\">{\"@context\":\"https:\/\/schema.org\",\"@graph\":[{\"@type\":\"WebPage\",\"@id\":\"https:\/\/www.lacurebeaute.fr\/es\/nos-comprometemos-a\/\",\"url\":\"https:\/\/www.lacurebeaute.fr\/es\/nos-comprometemos-a\/\",\"name\":\"Nos comprometemos a - La Cure Beaut\u00e9\",\"isPartOf\":{\"@id\":\"https:\/\/www.lacurebeaute.fr\/es\/#website\"},\"datePublished\":\"2022-03-18T07:54:03+00:00\",\"dateModified\":\"2022-03-18T10:32:25+00:00\",\"breadcrumb\":{\"@id\":\"https:\/\/www.lacurebeaute.fr\/es\/nos-comprometemos-a\/#breadcrumb\"},\"inLanguage\":\"es\",\"potentialAction\":[{\"@type\":\"ReadAction\",\"target\":[\"https:\/\/www.lacurebeaute.fr\/es\/nos-comprometemos-a\/\"]}]},{\"@type\":\"BreadcrumbList\",\"@id\":\"https:\/\/www.lacurebeaute.fr\/es\/nos-comprometemos-a\/#breadcrumb\",\"itemListElement\":[{\"@type\":\"ListItem\",\"position\":1,\"name\":\"Accueil\",\"item\":\"https:\/\/www.lacurebeaute.fr\/es\/\"},{\"@type\":\"ListItem\",\"position\":2,\"name\":\"Nos comprometemos a\"}]},{\"@type\":\"WebSite\",\"@id\":\"https:\/\/www.lacurebeaute.fr\/es\/#website\",\"url\":\"https:\/\/www.lacurebeaute.fr\/es\/\",\"name\":\"La Cure Beaut\u00e9\",\"description\":\"La marque de soins entre copines, naturelle et efficace\",\"potentialAction\":[{\"@type\":\"SearchAction\",\"target\":{\"@type\":\"EntryPoint\",\"urlTemplate\":\"https:\/\/www.lacurebeaute.fr\/es\/?s={search_term_string}\"},\"query-input\":{\"@type\":\"PropertyValueSpecification\",\"valueRequired\":true,\"valueName\":\"search_term_string\"}}],\"inLanguage\":\"es\"}]}<\/script>\n<!-- \/ Yoast SEO plugin. -->","yoast_head_json":{"title":"Nos comprometemos a - La Cure Beaut\u00e9","robots":{"index":"index","follow":"follow","max-snippet":"max-snippet:-1","max-image-preview":"max-image-preview:large","max-video-preview":"max-video-preview:-1"},"canonical":"https:\/\/www.lacurebeaute.fr\/es\/nos-comprometemos-a\/","og_locale":"es_ES","og_type":"article","og_title":"Nos comprometemos a - La Cure Beaut\u00e9","og_description":"[vc_row et_full_width=&#8221;true&#8221; content_placement=&#8221;middle&#8221;][vc_column animation=&#8221;animation bottom-to-top&#8221; offset=&#8221;vc_col-lg-offset-1 vc_col-lg-4 vc_hidden-sm vc_hidden-xs&#8221; css=&#8221;.vc_custom_1647429231339{padding-top: 160px !important;}&#8221;][vc_empty_space height=&#8221;160px&#8221;][\/vc_column][\/vc_row][vc_row et_full_width=&#8221;true&#8221; content_placement=&#8221;middle&#8221; css=&#8221;.vc_custom_1647429689917{padding-bottom: 80px !important;}&#8221;][vc_column animation=&#8221;animation bottom-to-top&#8221; offset=&#8221;vc_col-lg-offset-1 vc_col-lg-4&#8243; css=&#8221;.vc_custom_1647429570949{padding-top: 10px !important;}&#8221;][vc_column_text] The Beauty Cure se compromete a a los actores locales en la protecci\u00f3n del Mar Mediterr\u00e1neo. [\/vc_column_text][\/vc_column][vc_column et_column_color=&#8221;et-light-column&#8221; animation=&#8221;animation top-to-bottom&#8221; offset=&#8221;vc_col-lg-offset-1 vc_col-lg-5 vc_hidden-sm vc_hidden-xs&#8221; css=&#8221;.vc_custom_1647429451516{margin-top:&hellip;","og_url":"https:\/\/www.lacurebeaute.fr\/es\/nos-comprometemos-a\/","og_site_name":"La Cure Beaut\u00e9","article_modified_time":"2022-03-18T10:32:25+00:00","twitter_card":"summary_large_image","twitter_misc":{"Tiempo de lectura":"4 minutos"},"schema":{"@context":"https:\/\/schema.org","@graph":[{"@type":"WebPage","@id":"https:\/\/www.lacurebeaute.fr\/es\/nos-comprometemos-a\/","url":"https:\/\/www.lacurebeaute.fr\/es\/nos-comprometemos-a\/","name":"Nos comprometemos a - La Cure Beaut\u00e9","isPartOf":{"@id":"https:\/\/www.lacurebeaute.fr\/es\/#website"},"datePublished":"2022-03-18T07:54:03+00:00","dateModified":"2022-03-18T10:32:25+00:00","breadcrumb":{"@id":"https:\/\/www.lacurebeaute.fr\/es\/nos-comprometemos-a\/#breadcrumb"},"inLanguage":"es","potentialAction":[{"@type":"ReadAction","target":["https:\/\/www.lacurebeaute.fr\/es\/nos-comprometemos-a\/"]}]},{"@type":"BreadcrumbList","@id":"https:\/\/www.lacurebeaute.fr\/es\/nos-comprometemos-a\/#breadcrumb","itemListElement":[{"@type":"ListItem","position":1,"name":"Accueil","item":"https:\/\/www.lacurebeaute.fr\/es\/"},{"@type":"ListItem","position":2,"name":"Nos comprometemos a"}]},{"@type":"WebSite","@id":"https:\/\/www.lacurebeaute.fr\/es\/#website","url":"https:\/\/www.lacurebeaute.fr\/es\/","name":"La Cure Beaut\u00e9","description":"La marque de soins entre copines, naturelle et efficace","potentialAction":[{"@type":"SearchAction","target":{"@type":"EntryPoint","urlTemplate":"https:\/\/www.lacurebeaute.fr\/es\/?s={search_term_string}"},"query-input":{"@type":"PropertyValueSpecification","valueRequired":true,"valueName":"search_term_string"}}],"inLanguage":"es"}]}},"_links":{"self":[{"href":"https:\/\/www.lacurebeaute.fr\/es\/wp-json\/wp\/v2\/pages\/22693"}],"collection":[{"href":"https:\/\/www.lacurebeaute.fr\/es\/wp-json\/wp\/v2\/pages"}],"about":[{"href":"https:\/\/www.lacurebeaute.fr\/es\/wp-json\/wp\/v2\/types\/page"}],"author":[{"embeddable":true,"href":"https:\/\/www.lacurebeaute.fr\/es\/wp-json\/wp\/v2\/users\/35"}],"replies":[{"embeddable":true,"href":"https:\/\/www.lacurebeaute.fr\/es\/wp-json\/wp\/v2\/comments?post=22693"}],"version-history":[{"count":2,"href":"https:\/\/www.lacurebeaute.fr\/es\/wp-json\/wp\/v2\/pages\/22693\/revisions"}],"predecessor-version":[{"id":22695,"href":"https:\/\/www.lacurebeaute.fr\/es\/wp-json\/wp\/v2\/pages\/22693\/revisions\/22695"}],"wp:attachment":[{"href":"https:\/\/www.lacurebeaute.fr\/es\/wp-json\/wp\/v2\/media?parent=22693"}],"curies":[{"name":"wp","href":"https:\/\/api.w.org\/{rel}","templated":true}]}}